{"id":70996,"date":"2025-10-28T05:07:59","date_gmt":"2025-10-28T05:07:59","guid":{"rendered":"https:\/\/cortho.org\/workers-compensation\/principios-generales-de-directrices-para-la-cirugia-sacroiliaca-para-pacientes-de-compensacion-laboral\/"},"modified":"2026-01-08T07:35:20","modified_gmt":"2026-01-08T07:35:20","slug":"principios-generales-de-directrices-para-la-cirugia-sacroiliaca-para-pacientes-de-compensacion-laboral","status":"publish","type":"workers-compensation","link":"https:\/\/www.cortho.org\/es\/compensacion-laboral\/zona-media-y-baja-de-la-espalda\/principios-generales-de-directrices-para-la-cirugia-sacroiliaca-para-pacientes-de-compensacion-laboral\/","title":{"rendered":"Principios generales de directrices para la cirug\u00eda sacroil\u00edaca para pacientes de compensaci\u00f3n laboral"},"content":{"rendered":"\n<p>La junta de compensaci\u00f3n laboral del Estado de Nueva York ha desarrollado estas directrices para ayudar a m\u00e9dicos, pod\u00f3logos y otros profesionales sanitarios a proporcionar el tratamiento adecuado para la cirug\u00eda sacroil\u00edaca.<\/p>\n\n<p>Estas directrices de la Junta de Compensaci\u00f3n Laboral est\u00e1n destinadas a ayudar a los profesionales sanitarios a tomar decisiones sobre el nivel adecuado de atenci\u00f3n para sus pacientes con trastornos de tobillo y pie.<\/p>\n\n<p>Las directrices no sustituyen el juicio cl\u00ednico ni la experiencia profesional. La decisi\u00f3n final sobre la atenci\u00f3n debe ser tomada por el paciente en consulta con su proveedor sanitario. <\/p>\n\n<h2 class=\"wp-block-heading\">Cirug\u00eda sacroil\u00edaca de procedimientos terap\u00e9uticos: Operativa<\/h2>\n\n<p>La fusi\u00f3n de la articulaci\u00f3n sacroil\u00edaca no est\u00e1 incluida en la lista de procedimientos preautorizados. Los proveedores que deseen realizar uno de estos procedimientos deben solicitar la preautorizaci\u00f3n al asegurador antes de realizar el procedimiento. <\/p>\n\n<h3 class=\"wp-block-heading\">Cirug\u00eda sacroil\u00edaca<\/h3>\n\n<p>La cirug\u00eda sacroil\u00edaca se recomienda para algunos pacientes seg\u00fan lo prescrito por el m\u00e9dico. El dolor en la parte baja de la espalda y los gl\u00fateos que se irradia hacia la cadera inferior, la v\u00eda o la parte superior del muslo es un s\u00edntoma com\u00fan del dolor sacroil\u00edaco (SI). <\/p>\n\n<p>Aunque el dolor suele estar en un lado, tambi\u00e9n puede estar en el otro. Estar sentado, de pie, dormir, caminar o subir escaleras puede empeorar los s\u00edntomas. Sentarse o dormir sobre el lado afectado suele causar dolor en la articulaci\u00f3n sacroil\u00edaca.  <\/p>\n\n<p>A algunas personas les resulta dif\u00edcil estar de pie, sentarse o caminar durante largos periodos o viajar en coche. Pasar de estar sentado a estar de pie, estar de pie sobre una pierna o subir escaleras puede empeorar el dolor. <\/p>\n\n<p>Antes de asumir que la articulaci\u00f3n sacroil\u00edaca es la fuente del malestar, deben descartarse otras posibles causas, como la columna lumbar o la cadera.<\/p>\n\n<h4 class=\"wp-block-heading\"><strong>La fusi\u00f3n de la articulaci\u00f3n sacroil\u00edaca puede considerarse cuando se cumplen todos los siguientes criterios:<\/strong><\/h4>\n\n<ol class=\"wp-block-list\">\n<li>El dolor se centra sobre la articulaci\u00f3n sacroil\u00edaca posterior, desde la caudal hasta la columna lumbar (v\u00e9rtebra L5), y es compatible con dolor articular sacroil\u00edaca.  <\/li>\n\n\n\n<li>La incomodidad es al menos de 5 en una escala de 0 a 10, afecta negativamente a la calidad de vida o interfiere con las actividades cotidianas, y  <\/li>\n\n\n\n<li>No hay s\u00edntomas de enfermedades de dolor generalizado como la fibromialgia ni comportamientos generalizados de dolor como el trastorno somatoforme;  <\/li>\n\n\n\n<li>El paciente ha intentado y fracasado durante al menos seis meses de terapia integral no quir\u00fargica, que debe incluir optimizaci\u00f3n de medicaci\u00f3n, modificaci\u00f3n de la actividad, uso de f\u00e9rulas y ejercicio terap\u00e9utico activo dirigido a la columna lumbar, pelvis, articulaci\u00f3n sacroil\u00edaca y cadera, as\u00ed como un r\u00e9gimen de ejercicio en casa;  <\/li>\n\n\n\n<li>En el examen f\u00edsico, el surco sacro (punto de Fortin) est\u00e1 localizadamente sensible al palpar, y no hay otras zonas del cuerpo que resulten dolorosas en el mismo grado; y  <\/li>\n\n\n\n<li>Hay una reacci\u00f3n positiva a al menos tres de las pruebas provocativas que se enumeran a continuaci\u00f3n (por ejemplo,\n<ul class=\"wp-block-list\">\n<li>Prueba de empuje en el muslo  <\/li>\n\n\n\n<li>Prueba de compresi\u00f3n  <\/li>\n\n\n\n<li>Cartel de Gaenslen  <\/li>\n\n\n\n<li>Prueba de distracci\u00f3n  <\/li>\n\n\n\n<li>Test de Patrick  <\/li>\n\n\n\n<li>prueba de provocaci\u00f3n posterior); y  <\/li>\n<\/ul>\n<\/li>\n\n\n\n<li>TODAS las siguientes investigaciones de imagen diagn\u00f3stica est\u00e1n incluidas: La existencia de lesiones destructivas (como tumores, infecciones o artropat\u00eda inflamatoria) o artropat\u00eda de la articulaci\u00f3n sacroil\u00edaca se descarta mediante radiograf\u00eda convencional, tomograf\u00eda computarizada o resonancia magn\u00e9tica; Una radiograf\u00eda plana anteroposterior p\u00e9lvica excluye la enfermedad concurrente de cadera; yPara descartar compresi\u00f3n neural u otros problemas en la columna lumbar, se realiza tomograf\u00eda computarizada o resonancia magn\u00e9tica. Es importante descartar la posibilidad de que una dolencia degenerativa provoque dolor lumbar o de gl\u00fateos; y la imagen de la articulaci\u00f3n sacroil\u00edaca revela signos de da\u00f1o y\/o deterioro; y   <\/li>\n\n\n\n<li>Utilizando una inyecci\u00f3n intraarticular sacroil\u00edaca guiada por im\u00e1genes, potenciada con contraste, se realizaron inyecciones diagn\u00f3sticas en dos ocasiones consecutivas; Mostraron al menos una reducci\u00f3n del 75% del dolor durante la duraci\u00f3n prevista de la anestesia; y  <\/li>\n\n\n\n<li>Ha habido al menos un ensayo de inyecci\u00f3n de corticosteroides en la articulaci\u00f3n sacroil\u00edaca con fines terap\u00e9uticos; y  <\/li>\n\n\n\n<li>Un m\u00e9dico con formaci\u00f3n en cirug\u00eda ortop\u00e9dica de columna o neurocirug\u00eda realiza el procedimiento; y  <\/li>\n\n\n\n<li>El cirujano que realiza el procedimiento ha completado una formaci\u00f3n espec\u00edfica para el procedimiento o ha recibido privilegios hospitalarios para realizar el tipo o cirug\u00edas espec\u00edficas de la articulaci\u00f3n sacroil\u00edaca que se est\u00e1 considerando. Con la posibilidad de fusi\u00f3n de la articulaci\u00f3n sacroil\u00edaca \n<ul class=\"wp-block-list\">\n<li>como complemento a la atenci\u00f3n m\u00e9dica para sepsis o infecci\u00f3n de la articulaci\u00f3n sacroil\u00edaca; o  <\/li>\n\n\n\n<li>fractura del anillo p\u00e9lvico y lesi\u00f3n traum\u00e1tica grave; O  <\/li>\n\n\n\n<li>Al realizar cirug\u00edas de fusi\u00f3n lumbar de columna, que se consideran m\u00e9dicamente necesarias, las construcciones espinales multisegmentadas se extienden hasta el sacro\/ilion.<\/li>\n<\/ul>\n<\/li>\n<\/ol>\n\n<h2 class=\"wp-block-heading\">Qu\u00e9 puede hacer nuestra oficina si sufres lesiones por accidentes laborales<\/h2>\n\n<p>Contamos con la experiencia necesaria para ayudarte con sus lesiones de compensaci\u00f3n laboral. Entendemos por lo que est\u00e1s pasando, atenderemos tus necesidades m\u00e9dicas y seguiremos las directrices establecidas por la Junta de Compensaci\u00f3n Laboral del Estado de Nueva York. <\/p>\n\n<p>Entendemos la importancia de tus casos de compensaci\u00f3n laboral. D\u00e9janos ayudarte a navegar por el laberinto de tratar con la compa\u00f1\u00eda de seguros de compensaci\u00f3n laboral y tu empleador. <\/p>\n\n<p>Entendemos que este es un momento estresante para ti y tu familia. Si desea concertar una cita, por favor cont\u00e1ctenos para que hagamos todo lo posible para que le resulte lo m\u00e1s f\u00e1cil posible. <\/p>\n","protected":false},"excerpt":{"rendered":"<p>La junta de compensaci\u00f3n laboral del Estado de Nueva York ha desarrollado estas directrices para ayudar a m\u00e9dicos, pod\u00f3logos y otros profesionales sanitarios a proporcionar el tratamiento adecuado para la cirug\u00eda sacroil\u00edaca. Estas directrices de la Junta de Compensaci\u00f3n Laboral est\u00e1n destinadas a ayudar a los profesionales sanitarios a tomar decisiones sobre el nivel adecuado [&hellip;]<\/p>\n","protected":false},"featured_media":67896,"parent":0,"menu_order":0,"template":"","meta":{"_acf_changed":false,"_seopress_robots_primary_cat":"","_seopress_titles_title":"Principios directivos para la cirug\u00eda sacroil\u00edaca - Ortopedia completa","_seopress_titles_desc":"Gu\u00eda general de Ortopedia Completa para la cirug\u00eda sacroil\u00edaca en pacientes de compensaci\u00f3n laboral. Vis\u00edtanos para procedimientos terap\u00e9uticos: \u00a1operativos! ","_seopress_robots_index":"yes","footnotes":""},"workers-compensation-categories":[164],"class_list":["post-70996","workers-compensation","type-workers-compensation","status-publish","has-post-thumbnail","hentry","workers-compensation-categories-zona-media-y-baja-de-la-espalda"],"acf":[],"_links":{"self":[{"href":"https:\/\/www.cortho.org\/es\/wp-json\/wp\/v2\/workers-compensation\/70996","targetHints":{"allow":["GET"]}}],"collection":[{"href":"https:\/\/www.cortho.org\/es\/wp-json\/wp\/v2\/workers-compensation"}],"about":[{"href":"https:\/\/www.cortho.org\/es\/wp-json\/wp\/v2\/types\/workers-compensation"}],"version-history":[{"count":1,"href":"https:\/\/www.cortho.org\/es\/wp-json\/wp\/v2\/workers-compensation\/70996\/revisions"}],"predecessor-version":[{"id":70997,"href":"https:\/\/www.cortho.org\/es\/wp-json\/wp\/v2\/workers-compensation\/70996\/revisions\/70997"}],"wp:featuredmedia":[{"embeddable":true,"href":"https:\/\/www.cortho.org\/es\/wp-json\/wp\/v2\/media\/67896"}],"wp:attachment":[{"href":"https:\/\/www.cortho.org\/es\/wp-json\/wp\/v2\/media?parent=70996"}],"wp:term":[{"taxonomy":"workers-compensation-categories","embeddable":true,"href":"https:\/\/www.cortho.org\/es\/wp-json\/wp\/v2\/workers-compensation-categories?post=70996"}],"curies":[{"name":"wp","href":"https:\/\/api.w.org\/{rel}","templated":true}]}}