{"id":70640,"date":"2025-10-29T10:38:53","date_gmt":"2025-10-29T10:38:53","guid":{"rendered":"https:\/\/cortho.org\/workers-compensation\/perdida-programada-de-uso\/"},"modified":"2026-01-05T17:12:18","modified_gmt":"2026-01-05T17:12:18","slug":"perdida-programada-de-uso","status":"publish","type":"workers-compensation","link":"https:\/\/www.cortho.org\/es\/compensacion-laboral\/perdida-de-uso-programada\/perdida-programada-de-uso\/","title":{"rendered":"P\u00e9rdida programada de uso"},"content":{"rendered":"\n<p>Si te lesionas en el trabajo y te han dicho que necesitas \u00abP\u00e9rdida de Uso Programada\u00bb (SLU) para tu lesi\u00f3n, \u00a1has llegado al lugar adecuado! Puede que tengas derecho a una prestaci\u00f3n econ\u00f3mica que te pague seg\u00fan las directrices de la Junta de Compensaci\u00f3n Laboral. <\/p>\n\n<p>Te explicaremos c\u00f3mo te evaluamos para SLU. Presentamos un informe m\u00e9dico a la Junta de Compensaci\u00f3n Laboral por \u00abP\u00e9rdida Programada de Uso\u00bb por tu lesi\u00f3n. Este informe cumple con las Directrices actuales de Discapacidad Permanente y certifica que ha alcanzado la m\u00e1xima mejora m\u00e9dica.  <\/p>\n\n<p>Nuestro informe indica que, debido a tu lesi\u00f3n en el trabajo, has sufrido una p\u00e9rdida de funci\u00f3n en la parte corporal lesionada que durar\u00e1 para siempre. Cumplimos con las Directrices de Compensaci\u00f3n para Accidentes Laborales para la Determinaci\u00f3n de Discapacidad. Este art\u00edculo se basa en las directrices de compensaci\u00f3n laboral del estado de Nueva York.  <\/p>\n\n<p>A la hora de tomar decisiones sobre el tratamiento, siempre ponemos las necesidades de sus pacientes en primer lugar. Nuestro conocimiento de la investigaci\u00f3n y los desarrollos actuales en nuestro campo es esencial para ofrecer la mejor atenci\u00f3n. Estamos al tanto de los cambios en la cobertura y la normativa del seguro, y garantizamos un alto est\u00e1ndar de calidad en la atenci\u00f3n.  <\/p>\n\n<p>Si has sido tratado por nosotros, decidimos cu\u00e1ndo alcanzas la m\u00e1xima mejora m\u00e9dica (IMM). La MMI se alcanza despu\u00e9s de que termina el tratamiento y ya no mejoras. La discapacidad permanente se eval\u00faa cuando persiste una discapacidad permanente despu\u00e9s de que el paciente ha alcanzado la m\u00e1xima mejora m\u00e9dica. Este es el momento de hacerlo   <\/p>\n\n<h2 class=\"wp-block-heading\">\u00abP\u00e9rdida programada de uso\u00bb.<\/h2>\n\n<p>\u00abDiscapacidad\u00bb es un t\u00e9rmino utilizado para describir c\u00f3mo un accidente laboral ha afectado la capacidad de trabajo de un paciente. El nivel de discapacidad es determinado por el Juez de la Ley de Compensaci\u00f3n Laboral en funci\u00f3n de la evidencia m\u00e9dica disponible y otros datos pertinentes. Tu m\u00e9dico, el consultor m\u00e9dico del empleador o un forense independiente pueden aportar pruebas m\u00e9dicas.  <\/p>\n\n<p>La discapacidad y la discapacidad se diferencian entre s\u00ed. Nosotros, como proveedores m\u00e9dicos, tomamos la \u00fanica determinaci\u00f3n m\u00e9dica de \u00abdiscapacidad\u00bb. La discapacidad se define como cualquier defecto o p\u00e9rdida anat\u00f3mica o funcional. Un examen m\u00e9dico exhaustivo y una evaluaci\u00f3n precisa e imparcial de la funci\u00f3n son necesarios para un diagn\u00f3stico eficaz de la discapacidad.   <\/p>\n\n<p>Estas Directrices nos proporcionan un m\u00e9todo coherente para evaluar la discapacidad de una persona causada por una lesi\u00f3n o enfermedad relacionada con el trabajo que ha sido verificada m\u00e9dicamente.<\/p>\n\n<h2 class=\"wp-block-heading\">Discapacidad por compensaci\u00f3n laboral y sus beneficios:<\/h2>\n\n<p>Las prestaciones por discapacidad por compensaci\u00f3n laboral son pagos realizados a empleados que sufren una lesi\u00f3n en el trabajo o que enferman como resultado de su trabajo. A un trabajador elegible y a su familia, la compensaci\u00f3n laboral proporciona beneficios m\u00e9dicos, de reemplazo de ingresos y de fallecimiento. <\/p>\n\n<p>Algunos estados exigen a los empleadores que proporcionen cobertura de compensaci\u00f3n laboral para sus empleados, mientras que otros no lo hacen. Incluso en estados donde los empleadores no est\u00e1n obligados a ofrecer cobertura, los empleados pueden seguir obteniendo beneficios a trav\u00e9s de seguros privados o compensaci\u00f3n laboral. <\/p>\n\n<p>Cada estado tiene su propia Junta de Compensaci\u00f3n para Trabajadores que supervisa el programa y resuelve disputas. Al aceptar los beneficios de compensaci\u00f3n laboral, el empleado renuncia al derecho de demandar a su empleador por da\u00f1os y perjuicios. En algunos casos, los empleados pueden estar cubiertos por programas federales, como el Programa de Compensaci\u00f3n Laboral de Longshore and Harbor o el Programa de Compensaci\u00f3n para Empleados Federales.  <\/p>\n\n<p>La compensaci\u00f3n puede incluir el reembolso parcial del salario y la cobertura de los gastos m\u00e9dicos. La compensaci\u00f3n laboral no es lo mismo que las prestaciones por desempleo o el seguro por discapacidad. <\/p>\n\n<p>Los programas de seguro obligatorios por el estado suelen ser obligatorios para la mayor\u00eda de los empleadores. Un empleado puede tener derecho a una variedad de beneficios como resultado de la compensaci\u00f3n laboral. <\/p>\n\n<p>Los medicamentos y los salarios perdidos pueden estar cubiertos por estos beneficios. La compensaci\u00f3n laboral tambi\u00e9n puede ayudar a proporcionar reentrenamiento o rehabilitaci\u00f3n si un empleado no puede volver a su trabajo anterior.   <\/p>\n\n<p>A continuaci\u00f3n, algunos beneficios importantes a considerar en este sentido:<\/p>\n\n<h3 class=\"wp-block-heading\">i. Sustituci\u00f3n salarial:<\/h3>\n\n<p>La compensaci\u00f3n laboral puede proporcionar un reemplazo parcial del salario a los empleados que no pueden trabajar como consecuencia de su lesi\u00f3n o enfermedad. La cantidad de reemplazo salarial variar\u00e1 seg\u00fan el estado en el que vivas, pero normalmente los trabajadores pueden recibir hasta dos tercios de su salario habitual. <\/p>\n\n<h3 class=\"wp-block-heading\">ii. Beneficios para supervivientes y reembolso de costes sanitarios: <\/h3>\n\n<p>Los gastos m\u00e9dicos y los costes de rehabilitaci\u00f3n tambi\u00e9n pueden estar cubiertos por la compensaci\u00f3n laboral adem\u00e1s de los salarios. En la mayor\u00eda de los casos, la compensaci\u00f3n laboral reembolsa a los empleados parte de sus gastos m\u00e9dicos. Los familiares supervivientes de empleados que fallecen por lesiones o enfermedades laborales tambi\u00e9n pueden recibir beneficios de compensaci\u00f3n laboral.  <\/p>\n\n<h3 class=\"wp-block-heading\">iii. Los beneficiarios renuncian al derecho a demandar: <\/h3>\n\n<p>Al aceptar las prestaciones de compensaci\u00f3n laboral, los empleados renuncian a su derecho a demandar a su empleador por da\u00f1os y perjuicios. Este acuerdo protege tanto a los trabajadores como a los empleadores proporcionando a los trabajadores cierto grado de seguridad financiera, limitando al mismo tiempo la responsabilidad que los empleadores pueden enfrentar debido a demandas por negligencia. <\/p>\n\n<h2 class=\"wp-block-heading\">Seguro de Compensaci\u00f3n Laboral vs. Seguro por Discapacidad:<\/h2>\n\n<p>La principal diferencia entre el seguro de compensaci\u00f3n laboral y el seguro por discapacidad es que la compensaci\u00f3n laboral es obligatoria en la mayor\u00eda de los estados, mientras que el seguro por discapacidad no.<\/p>\n\n<p>Los empleados con compensaci\u00f3n laboral est\u00e1n cubiertos por salarios perdidos y gastos m\u00e9dicos, mientras que el seguro por discapacidad sustituye una parte de los ingresos del empleado cuando no puede trabajar.<\/p>\n\n<p>El seguro por discapacidad suele ser adquirido por el empleado, mientras que la compensaci\u00f3n laboral la proporciona el empleador. Adem\u00e1s, las prestaciones de compensaci\u00f3n laboral suelen durar un corto periodo, pero las prestaciones del seguro por discapacidad pueden durar para siempre. <\/p>\n\n<h2 class=\"wp-block-heading\">\u00bfC\u00f3mo se determina la discapacidad?<\/h2>\n\n<p>La determinaci\u00f3n de si una persona tiene una discapacidad se realiza caso por caso. Dependiendo del estado, la informaci\u00f3n m\u00e9dica sobre discapacidades se utilizar\u00e1 para determinar si los trabajadores lesionados tienen discapacidades permanentes que afectan su capacidad para realizar ciertas tareas \u2014o incluso para trabajar.   <\/p>\n\n<p>Que una actividad vital importante se vea obstaculizada no necesariamente se considera discapacidad. M\u00e1s bien, una persona solo necesita estar limitada en su capacidad para realizar la actividad en comparaci\u00f3n con la mayor\u00eda de las personas que no tienen discapacidad. <\/p>\n\n<p>Una vez que un empleado ha demostrado que es discapacitado, deber\u00e1 presentar una reclamaci\u00f3n ante la junta de compensaci\u00f3n laboral de su estado. Un consejo de expertos revisar\u00e1 la reclamaci\u00f3n y determinar\u00e1 cu\u00e1nto se debe conceder las prestaciones en funci\u00f3n de los hallazgos. <\/p>\n\n<h2 class=\"wp-block-heading\">Formas de discapacidad bajo la Ley de Compensaci\u00f3n Laboral<\/h2>\n\n<p>Las siguientes categor\u00edas de discapacidad son reconocidas por esta ley en casos de compensaci\u00f3n laboral:<\/p>\n\n<ol class=\"wp-block-list\">\n<li>Incapacidad total temporal: Situaci\u00f3n en la que un empleado queda temporalmente incapaz de desempe\u00f1ar cualquier aspecto de sus funciones laborales habituales mientras se recupera de una enfermedad. El trabajador puede reanudar el trabajo una vez finalizado el periodo de recuperaci\u00f3n. <\/li>\n\n\n\n<li>Incapacidad total permanente: Este tipo de lesi\u00f3n impide que un empleado trabaje en la capacidad para la que fue formado. Dependiendo del estado, se proporcionan prestaciones de por vida o jubilaci\u00f3n. <\/li>\n\n\n\n<li>Incapacidad parcial temporal: En esta situaci\u00f3n, un empleado no puede desempe\u00f1ar sus responsabilidades habituales. El empleador no paga el salario completo al empleado porque no puede hacer todo el trabajo. <\/li>\n\n\n\n<li>Discapacidad parcial permanente: A pesar de poder volver al trabajo, el empleado tiene cierta discapacidad permanente que le impide trabajar como antes de la lesi\u00f3n.<\/li>\n<\/ol>\n\n<p>La discapacidad permanente se eval\u00faa cuando persiste una discapacidad permanente despu\u00e9s de que el paciente ha alcanzado la mejora m\u00e9dica m\u00e1xima (IMM). Estas directrices se desarrollaron para evaluar la discapacidad de las discapacidades permanentes <\/p>\n\n<h2 class=\"wp-block-heading\">Mejora M\u00e9dica M\u00e1xima (MMI)<\/h2>\n\n<p>La determinaci\u00f3n de la IMM se basa en la opini\u00f3n m\u00e9dica de que el paciente se ha recuperado completamente de la enfermedad o lesi\u00f3n laboral y que no es probable que se produzca una mejor\u00eda adicional.<\/p>\n\n<p>La necesidad de tratamiento paliativo o sintom\u00e1tico no impide encontrar una IMM. En casos que no impliquen cirug\u00eda o fracturas, la MMI no puede determinarse antes de 6 meses desde la fecha de la lesi\u00f3n o discapacidad, salvo que las partes se indique o acuerde lo contrario. <\/p>\n\n<p>Al determinar la MMI, el m\u00e9dico tratante examinar\u00e1 el progreso y los s\u00edntomas residuales del trabajador lesionado, as\u00ed como su curso de tratamiento esperado en las \u00e1reas de fisioterapia y terapia ocupacional. Una vez alcanzada la MMI, el m\u00e9dico proporcionar\u00e1 un informe completo a la aseguradora de compensaci\u00f3n laboral.   <\/p>\n\n<p>La aseguradora utilizar\u00e1 esta informaci\u00f3n para calcular los beneficios apropiados de DPP. En algunos casos, puede solicitarse una evaluaci\u00f3n m\u00e9dica independiente para confirmar la determinaci\u00f3n del m\u00e9dico sobre la MMI. A veces, una persona puede no alcanzar nunca el MMI y necesitar cuidados de por vida. Sin embargo, para la mayor\u00eda de las personas, la MMI es un objetivo alcanzable para ayudarles a recuperarse tras una lesi\u00f3n.   <\/p>\n\n<h2 class=\"wp-block-heading\">Nuestra responsabilidad como tu m\u00e9dico<\/h2>\n\n<p>La condici\u00f3n m\u00e9dica del paciente, su nivel de discapacidad y sus capacidades funcionales son evaluados de acuerdo con su mejor juicio profesional y comunicados a la Junta y a las partes.<\/p>\n\n<p>Estas Directrices ofrecen est\u00e1ndares espec\u00edficos para juzgar el deterioro de una condici\u00f3n m\u00e9dica, con mayor \u00e9nfasis en los hallazgos imparciales. Es obligaci\u00f3n del m\u00e9dico proporcionar datos m\u00e9dicos que la Junta tendr\u00e1 en cuenta al tomar una decisi\u00f3n legal y evaluar la discapacidad. <\/p>\n\n<p>Nos fijamos en los hallazgos objetivos del examen f\u00edsico y en los datos de los historiales m\u00e9dicos del paciente, en lugar de inferir hallazgos o manifestaciones que no se obtienen a partir del examen f\u00edsico o de los informes de pruebas. Para determinar la discapacidad, esta metodolog\u00eda busca promover la consistencia, la previsibilidad y la fiabilidad entre evaluadores. <\/p>\n\n<p>Realizamos lo siguiente para elaborar un informe sobre la discapacidad permanente:<\/p>\n\n<ol class=\"wp-block-list\">\n<li>Determina el \u00e1rea corporal o sistema afectado (incluye el cap\u00edtulo, n\u00famero de tabla, clase y nivel de gravedad para discapacidades no programadas) y estudia las Directrices  <\/li>\n\n\n\n<li>Examina la historia cl\u00ednica y los expedientes m\u00e9dicos pertinentes.<\/li>\n\n\n\n<li>Realiza un examen f\u00edsico completo.<\/li>\n\n\n\n<li>Utilizamos un goni\u00f3metro para medir el rango activo de movimiento (ROM). Se deben realizar tres mediciones repetidas para determinar el rango m\u00e1ximo de movimiento activo. <\/li>\n\n\n\n<li>Si procede, los d\u00e9ficits deben evaluarse en comparaci\u00f3n con la lectura inicial del miembro contralateral. Cuando el lado opuesto no est\u00e1 disponible para comparaci\u00f3n o tiene una lesi\u00f3n previa, usar el contralateral no es apropiado. <\/li>\n\n\n\n<li>Informa del diagn\u00f3stico m\u00e9dico relacionado con el trabajo y los hallazgos de los ex\u00e1menes, con las citas adecuadas de la historia cl\u00ednica relevante, el examen y los resultados de las pruebas.<\/li>\n\n\n\n<li>Para determinar un nivel de discapacidad, sigue las sugerencias.<\/li>\n\n\n\n<li>Analizar el efecto de la(s) alteraci\u00f3n(es) en las habilidades funcionales y de esfuerzo del paciente en caso de una discapacidad permanente no programada. Lee las Directrices del Estado de Nueva York de 2012 para la Determinaci\u00f3n de la Discapacidad Permanente y la P\u00e9rdida de Capacidad Salarial para las directrices sobre discapacidad m\u00e9dica y evaluaci\u00f3n funcional. <\/li>\n\n\n\n<li>El valor sumado de varios d\u00e9ficits en rango de movimiento no deber\u00eda ser mayor que el valor de una articulaci\u00f3n con anquilosis completa al calcular el valor de una p\u00e9rdida de uso programada. El n\u00famero total de articulaciones anquilosadas de un miembro principal no puede superar el coste de la amputaci\u00f3n. Sin embargo, debido a la carga, los d\u00edgitos pueden superar estos l\u00edmites.  <\/li>\n<\/ol>\n\n<h2 class=\"wp-block-heading\">Tipos de ex\u00e1menes finales de evaluaci\u00f3n<\/h2>\n\n<p>Los ex\u00e1menes finales de evaluaci\u00f3n para las siguientes categor\u00edas de premios ser\u00e1n realizados por profesionales m\u00e9dicos examinadores:<\/p>\n\n<h3 class=\"wp-block-heading\">Un premio de calendario para:<\/h3>\n\n<ol class=\"wp-block-list\">\n<li>Deterioro de las extremidades (incluyendo el deterioro del sistema nervioso que afecta su uso)  <\/li>\n\n\n\n<li>P\u00e9rdida de visi\u00f3n  <\/li>\n\n\n\n<li>P\u00e9rdida de audici\u00f3n  <\/li>\n\n\n\n<li>Desfiguraci\u00f3n facial  <\/li>\n\n\n\n<li>Premio no programado para:<\/li>\n\n\n\n<li>Clasificaci\u00f3n como discapacidad parcial permanente  <\/li>\n\n\n\n<li>Clasificaci\u00f3n como discapacidad total permanente<\/li>\n<\/ol>\n\n<p>Por tanto, estos dos tipos de ex\u00e1menes de evaluaci\u00f3n final pueden ser realizados por profesionales m\u00e9dicos examinadores. Estas indemnizaciones no se basan en un calendario, sino en la extensi\u00f3n de la discapacidad y su impacto en la capacidad del trabajador lesionado para ganarse la vida. <\/p>\n\n<p>En ambos casos, el examen debe ser realizado por un profesional m\u00e9dico para determinar la extensi\u00f3n de la lesi\u00f3n y el tratamiento adecuado.<\/p>\n\n<p>Sea cual sea el tipo de examen final que elijas, es fundamental recordar que estos ex\u00e1menes est\u00e1n dise\u00f1ados para ayudarte a mejorar tus habilidades y conocimientos como profesional m\u00e9dico.<\/p>\n\n<p>La Junta de Compensaci\u00f3n Laboral debe dar su aprobaci\u00f3n al proveedor para ser un proveedor autorizado de la junta antes de poder evaluar a un paciente que reside en Nueva York o realizar una evaluaci\u00f3n all\u00ed.<\/p>\n\n<p>Cualquier evaluaci\u00f3n realizada por profesionales m\u00e9dicos fuera de Nueva York tambi\u00e9n debe cumplir con estas Directrices, incluyendo el uso de cualquier formulario que el Presidente haya recomendado<\/p>\n\n<h2 class=\"wp-block-heading\">Premios del calendario<\/h2>\n\n<p>Se paga una compensaci\u00f3n de calendario por discapacidades f\u00edsicas y funcionales residuales y a largo plazo, y no por una lesi\u00f3n real. Los siguientes est\u00e1ndares m\u00e9dicos deben cumplirse antes de que una reclamaci\u00f3n sea finalmente ajustada mediante una adjudicaci\u00f3n de calendario: <\/p>\n\n<ol class=\"wp-block-list\">\n<li>Debe haber una discapacidad permanente de una extremidad, p\u00e9rdida permanente de visi\u00f3n o audici\u00f3n, o desfiguraci\u00f3n facial permanente, seg\u00fan lo definido por la ley.  <\/li>\n\n\n\n<li>El deterioro debe implicar p\u00e9rdida anat\u00f3mica o funcional, como da\u00f1o f\u00edsico en huesos, m\u00fasculos, cart\u00edlago, tendones, nervios, vasos sangu\u00edneos y otros tejidos.  <\/li>\n\n\n\n<li>El solicitante debe haber avanzado m\u00e1s m\u00e9dicamente.<\/li>\n\n\n\n<li>Antes de que una reclamaci\u00f3n se considere adecuada para el examen de programaci\u00f3n de una extremidad o extremidades involucradas en el mismo accidente, no deben existir deficiencias residuales en la zona sist\u00e9mica (es decir, cabeza, cuello, espalda, etc.).<\/li>\n<\/ol>\n\n<p>La Ley de Compensaci\u00f3n Laboral especifica el valor de un porcentaje de p\u00e9rdida o p\u00e9rdida de uso de partes del cuerpo. La cantidad de la indemnizaci\u00f3n del calendario se basa en la extensi\u00f3n de la discapacidad y en el n\u00famero de semanas de tiempo de recuperaci\u00f3n permitidas. Una persona que no puede trabajar debido a una discapacidad permanente puede recibir prestaciones por discapacidad.  <\/p>\n\n<p>Para calificar para una subvenci\u00f3n de calendario, debes poder aportar pruebas de que tu discapacidad est\u00e1 directamente relacionada con tu lesi\u00f3n laboral. La gravedad de la discapacidad tambi\u00e9n debe impedirte poder trabajar. Las subvenciones de calendario est\u00e1n destinadas a proporcionar asistencia econ\u00f3mica a trabajadores lesionados que no pueden volver a su empleo anterior ni encontrar empleo en otro sector.  <\/p>\n\n<h2 class=\"wp-block-heading\">Premios no inscritos (clasificaci\u00f3n)<\/h2>\n\n<p>Las discapacidades permanentes que no est\u00e1n cubiertas por una asignaci\u00f3n, como enfermedades del coraz\u00f3n, pulmones, piel o cerebro, as\u00ed como las discapacidades de las extremidades que no son elegibles para una subvenci\u00f3n de la lista como se indica a continuaci\u00f3n, se consideran condecoraciones no registradas. <em>Discapacidades de la lista sujetas a clasificaci\u00f3n<\/em> Ejemplos de discapacidades en las extremidades no cubiertas por una indemnizaci\u00f3n programada<\/p>\n\n<ol class=\"wp-block-list\">\n<li>Afecciones que afectan a las articulaciones principales de las extremidades, como hombros, codo, caderas y rodillas, que son progresivas y extremadamente dolorosas e incluyen una o m\u00e1s de las siguientes caracter\u00edsticas:<\/li>\n<\/ol>\n\n<ol class=\"wp-block-list\">\n<li>Signos objetivos de inflamaci\u00f3n aguda o cr\u00f3nica en una o m\u00e1s articulaciones, incluyendo hinchaz\u00f3n, derrame, cambios en el color o la temperatura, dolor y rango de movimiento doloroso, entre otros.<\/li>\n\n\n\n<li>Progresi\u00f3n y artritis degenerativa severa como se observa en las radiograf\u00edas.<\/li>\n\n\n\n<li>Mejora m\u00ednima o nula tras el uso de todas las opciones de tratamiento m\u00e9dico y quir\u00fargico disponibles.<\/li>\n\n\n\n<li>Las extremidades distales, como las manos y los pies, suelen verse afectadas por dolor cr\u00f3nico en una extremidad, que puede incluir uno o m\u00e1s de los siguientes casos:<\/li>\n<\/ol>\n\n<ol class=\"wp-block-list\">\n<li>S\u00edndrome de extremidades dolorosas cr\u00f3nicas, atrofia de Sudeck o S\u00edndrome de Dolor Regional Complejo (distrofia simp\u00e1tica refleja).<\/li>\n\n\n\n<li>S\u00edntomas observables como edema persistente, atrofia, disestesia, hipersensibilidad o variaciones en el color y la temperatura de la piel, como moteado.<\/li>\n\n\n\n<li>Signos de osteoporosis en radiograf\u00edas.<\/li>\n\n\n\n<li>Poca o ninguna mejor\u00eda reportada tras el uso de todas las modalidades disponibles de tratamiento del dolor cr\u00f3nico por parte del paciente.<\/li>\n<\/ol>\n\n<ol start=\"3\" class=\"wp-block-list\">\n<li>El fracaso de los huesos largos para unirse.<\/li>\n\n\n\n<li>Necrosis as\u00e9ptica de otros huesos, como la cabeza del f\u00e9mur.<\/li>\n\n\n\n<li>Inestabilidad articular grave y continua, especialmente en la rodilla u otras articulaciones importantes.<\/li>\n\n\n\n<li>La grave enfermedad de Paget.<\/li>\n\n\n\n<li>C\u00e1ncer.<\/li>\n\n\n\n<li>La enfermedad de Caisson relacionada con las articulaciones es la n\u00famero ocho.<\/li>\n\n\n\n<li>\u00dalceras constantes y drenaje sinusal<\/li>\n\n\n\n<li>Dislocaciones articulares constantes (hombros).<\/li>\n\n\n\n<li>Pacientes con neuromas o mu\u00f1ones que cicatrizan mal.<\/li>\n\n\n\n<li>Reemplazos articulares, como los de rodilla total, cadera total y hombro, que han fallado.<\/li>\n<\/ol>\n\n<h2 class=\"wp-block-heading\">C\u00f3digos abreviados utilizados por la Junta de Compensaci\u00f3n Laboral-<\/h2>\n\n<figure class=\"wp-block-table\"><table class=\"has-fixed-layout\"><tbody><tr><td>Acr\u00f3nimo\/T\u00e9rmino  <\/td><td>Definici\u00f3n  <\/td><\/tr><tr><td>Mi  <\/td><td>Leve  <\/td><\/tr><tr><td>Mo  <\/td><td>Moderado  <\/td><\/tr><tr><td>\u00a1Mam\u00e1  <\/td><td>Marcado  <\/td><\/tr><tr><td>F  <\/td><td>D\u00e9ficits de flexi\u00f3n  <\/td><\/tr><tr><td>E  <\/td><td>D\u00e9ficits en la extensi\u00f3n  <\/td><\/tr><tr><td>ZAMBULLIDA  <\/td><td>Articulaci\u00f3n interfalangeal distal  <\/td><\/tr><tr><td>PIP  <\/td><td>Articulaci\u00f3n interfal\u00e1ngica proximal  <\/td><\/tr><tr><td>MCP  <\/td><td>Articulaci\u00f3n metacarpopal\u00e1ngica  <\/td><\/tr><tr><td>CMC  <\/td><td>Articulaci\u00f3n carpo-metacarpiana  <\/td><\/tr><tr><td>MTP  <\/td><td>Articulaci\u00f3n metatarsofal\u00e1ngea  <\/td><\/tr><tr><td>SLU  <\/td><td>P\u00e9rdida de uso programada  <\/td><\/tr><tr><td>ANCR  <\/td><td>Aviso de accidente Relaci\u00f3n casual  <\/td><\/tr><tr><td>ODNCR  <\/td><td>Aviso de enfermedad profesional Relaci\u00f3n casual  <\/td><\/tr><tr><td colspan=\"2\">Seg\u00fan la ley del Estado de Nueva York:  <\/td><\/tr><tr><td>Pulgar  <\/td><td>Pulgar  <\/td><\/tr><tr><td>Dedo \u00edndice  <\/td><td>Dedo \u00edndice  <\/td><\/tr><tr><td>Segundo Dedo  <\/td><td>Dedo Medio \/ Largo  <\/td><\/tr><tr><td>Tercer Dedo  <\/td><td>Dedo anular  <\/td><\/tr><tr><td>Cuarto Dedo  <\/td><td>Dedo peque\u00f1o \/ peque\u00f1o \/ me\u00f1ique  <\/td><\/tr><tr><td colspan=\"2\">S\u00edmbolos  <\/td><\/tr><tr><td>&lt;\u00a0<\/td><td>Menos que  <\/td><\/tr><tr><td>\u2264\u00a0<\/td><td>Menor o igual a  <\/td><\/tr><tr><td>&gt;\u00a0<\/td><td>Mayor que  <\/td><\/tr><tr><td>\u2265\u00a0<\/td><td>Mayor o igual a<\/td><\/tr><\/tbody><\/table><\/figure>\n\n<p>Por favor, consulta la p\u00e1gina web de la Junta de Compensaci\u00f3n Laboral de tu estado o habla con tu abogado especializado en Compensaci\u00f3n Laboral para m\u00e1s informaci\u00f3n.<\/p>\n","protected":false},"excerpt":{"rendered":"<p>Si te lesionas en el trabajo y te han dicho que necesitas \u00abP\u00e9rdida de Uso Programada\u00bb (SLU) para tu lesi\u00f3n, \u00a1has llegado al lugar adecuado! Puede que tengas derecho a una prestaci\u00f3n econ\u00f3mica que te pague seg\u00fan las directrices de la Junta de Compensaci\u00f3n Laboral. Te explicaremos c\u00f3mo te evaluamos para SLU. Presentamos un informe [&hellip;]<\/p>\n","protected":false},"featured_media":67896,"parent":0,"menu_order":0,"template":"","meta":{"_acf_changed":false,"_seopress_robots_primary_cat":"","_seopress_titles_title":"P\u00e9rdida programada de uso - Ortopedia y podolog\u00eda completa","_seopress_titles_desc":"\u00a1Compensaci\u00f3n para Trabajadores \u2013 P\u00e9rdida Programada de Uso! Visita Complete Orthopedics para informarte sobre la discapacidad por compensaci\u00f3n laboral y sus beneficios. Vis\u00edtanos para saber m\u00e1s.  ","_seopress_robots_index":"yes","footnotes":""},"workers-compensation-categories":[170],"class_list":["post-70640","workers-compensation","type-workers-compensation","status-publish","has-post-thumbnail","hentry","workers-compensation-categories-perdida-de-uso-programada"],"acf":[],"_links":{"self":[{"href":"https:\/\/www.cortho.org\/es\/wp-json\/wp\/v2\/workers-compensation\/70640","targetHints":{"allow":["GET"]}}],"collection":[{"href":"https:\/\/www.cortho.org\/es\/wp-json\/wp\/v2\/workers-compensation"}],"about":[{"href":"https:\/\/www.cortho.org\/es\/wp-json\/wp\/v2\/types\/workers-compensation"}],"version-history":[{"count":1,"href":"https:\/\/www.cortho.org\/es\/wp-json\/wp\/v2\/workers-compensation\/70640\/revisions"}],"predecessor-version":[{"id":70641,"href":"https:\/\/www.cortho.org\/es\/wp-json\/wp\/v2\/workers-compensation\/70640\/revisions\/70641"}],"wp:featuredmedia":[{"embeddable":true,"href":"https:\/\/www.cortho.org\/es\/wp-json\/wp\/v2\/media\/67896"}],"wp:attachment":[{"href":"https:\/\/www.cortho.org\/es\/wp-json\/wp\/v2\/media?parent=70640"}],"wp:term":[{"taxonomy":"workers-compensation-categories","embeddable":true,"href":"https:\/\/www.cortho.org\/es\/wp-json\/wp\/v2\/workers-compensation-categories?post=70640"}],"curies":[{"name":"wp","href":"https:\/\/api.w.org\/{rel}","templated":true}]}}