{"id":70199,"date":"2025-10-29T09:56:36","date_gmt":"2025-10-29T09:56:36","guid":{"rendered":"https:\/\/cortho.org\/workers-compensation\/perdida-programada-de-uso-de-la-rodilla-y-la-tibia-por-compensacion-laboral\/"},"modified":"2026-01-03T16:39:15","modified_gmt":"2026-01-03T16:39:15","slug":"perdida-programada-de-uso-de-la-rodilla-y-la-tibia-por-compensacion-laboral","status":"publish","type":"workers-compensation","link":"https:\/\/www.cortho.org\/es\/compensacion-laboral\/perdida-de-uso-programada\/perdida-programada-de-uso-de-la-rodilla-y-la-tibia-por-compensacion-laboral\/","title":{"rendered":"P\u00e9rdida programada de uso de la rodilla y la tibia por compensaci\u00f3n laboral"},"content":{"rendered":"\n<p>Si te lesionaste en el trabajo y tienes curiosidad por la \u00abP\u00e9rdida de Uso Programada\u00bb (SLU) en tu rodilla y espinilla, \u00a1no busques m\u00e1s! Si cumples los criterios de la Junta de Compensaci\u00f3n Laboral, podr\u00edas recibir un pago de compensaci\u00f3n. <\/p>\n\n<p>Nuestro informe indicar\u00e1 que, debido a tu accidente laboral, has perdido funci\u00f3n en la parte corporal lesionada, lo que durar\u00e1 toda la vida. En nuestro informe, seguimos las Directrices de Compensaci\u00f3n para Accidentes Laborales para Determinar la Incapacidad. <\/p>\n\n<h2 class=\"wp-block-heading\">Objetivos para determinar el deterioro de rodilla y tibia<\/h2>\n\n<p>La rodilla soporta el peso del cuerpo y permite la flexi\u00f3n y extensi\u00f3n de la rodilla, que permiten bajar y levantar el cuerpo al suelo, respectivamente. Caminar es posible gracias a la movilidad de las rodillas, que tambi\u00e9n permite que el cuerpo rote. <\/p>\n\n<p>El objetivo es determinar con precisi\u00f3n el d\u00e9ficit f\u00edsico a largo plazo que el paciente experiment\u00f3 como resultado de su accidente. La evaluaci\u00f3n debe, en la mayor medida posible, basarse en informaci\u00f3n factual obtenida de la historia cl\u00ednica y el examen f\u00edsico, as\u00ed como en cualquier resultado relevante de pruebas diagn\u00f3sticas. <\/p>\n\n<h2 class=\"wp-block-heading\">T\u00e9cnicas para medir la discapacidad permanente<\/h2>\n\n<p>En el punto de mayor mejora m\u00e9dica, cuando no se prev\u00e9 una mayor recuperaci\u00f3n, se debe evaluar el grado de un d\u00e9ficit f\u00edsico residual permanente. En funci\u00f3n de los resultados del curso cl\u00ednico de tratamiento, la experiencia del profesional m\u00e9dico y cualquier alternativa adicional disponible para el paciente, debe evaluarse la m\u00e1xima mejora m\u00e9dica. <\/p>\n\n<p>Cuando sea apropiado, el profesional m\u00e9dico debe tener en cuenta la extremidad contralateral y los valores esperados\/normales al determinar el grado de d\u00e9ficit f\u00edsico residual permanente. El intervalo entre una lesi\u00f3n y el punto de mayor progreso m\u00e9dico puede variar, aunque en la mayor\u00eda de los casos es un a\u00f1o despu\u00e9s de la lesi\u00f3n o de la cirug\u00eda m\u00e1s reciente. <\/p>\n\n<p>El mecanismo del da\u00f1o tiene muy poco efecto sobre la gravedad del d\u00e9ficit f\u00edsico residual permanente. Adem\u00e1s de las lesiones f\u00edsicas en huesos, m\u00fasculos, cart\u00edlago, tendones, nervios, vasos sangu\u00edneos y otros tejidos, tambi\u00e9n puede reflejar el d\u00e9ficit f\u00edsico residual permanente en el punto de m\u00e1xima mejora m\u00e9dica. <\/p>\n\n<p>Se tienen en cuenta muchos factores al medir una discapacidad permanente y, por tanto, deben ser gestionados por m\u00e9dicos experimentados autorizados por la junta de compensaci\u00f3n laboral. Dado que la rodilla humana est\u00e1 compuesta por numerosos huesos, cart\u00edlagos, ligamentos, tendones y m\u00fasculos distintos, hay numerosos elementos de la rodilla que podr\u00edas lesionarte en un accidente laboral. <\/p>\n\n<p>Cualquier tipo de lesi\u00f3n de rodilla puede dejarte incapaz de moverte y ser insoportable. Tu capacidad para moverte puede verse significativamente afectada incluso por una peque\u00f1a lesi\u00f3n de rodilla que involucre ligamentos y tendones, pero una lesi\u00f3n grave puede resultar en una discapacidad de por vida. <\/p>\n\n<h3 class=\"wp-block-heading\"><strong>Rango de movimiento de la rodilla<\/strong><br\/>Flexi\u00f3n de rodilla<\/h3>\n\n<p>La flexi\u00f3n se mide extendiendo completamente la rodilla hacia adelante mientras est\u00e1s sentado. Llevamos el tal\u00f3n del pie lo m\u00e1s atr\u00e1s posible hacia la silla mientras determinamos el \u00e1ngulo generado por el eje del f\u00e9mur y la f\u00edbula. 0 grados de extensi\u00f3n a 140 grados constituyen todo el rango de movimiento (flexi\u00f3n completa). Est\u00e1 representado en la tabla siguiente   <\/p>\n<div class=\"wp-block-image\">\n<figure class=\"aligncenter\"><img decoding=\"async\" width=\"918\" height=\"649\" data-src=\"\/wp-content\/uploads\/2022\/09\/image1-1.png\" alt=\"Flexi\u00f3n de rodilla para evaluar la p\u00e9rdida de movimiento y calcular la p\u00e9rdida programada de uso para pacientes de compensaci\u00f3n laboral\" class=\"wp-image-16273 lazyload\" data-srcset=\"https:\/\/www.cortho.org\/wp-content\/uploads\/2022\/09\/image1-1.png 918w, https:\/\/www.cortho.org\/wp-content\/uploads\/2022\/09\/image1-1-768x543.png 768w\" data-sizes=\"(max-width: 918px) 100vw, 918px\" src=\"data:image\/svg+xml;base64,PHN2ZyB3aWR0aD0iMSIgaGVpZ2h0PSIxIiB4bWxucz0iaHR0cDovL3d3dy53My5vcmcvMjAwMC9zdmciPjwvc3ZnPg==\" style=\"--smush-placeholder-width: 918px; --smush-placeholder-aspect-ratio: 918\/649;\" \/><\/figure>\n<\/div>\n<p class=\"has-text-align-center\"><strong>Flexi\u00f3n de rodilla<\/strong><\/p>\n\n<h3 class=\"wp-block-heading\">Extensi\u00f3n de rodilla<\/h3>\n\n<p>Un d\u00e9ficit de extensi\u00f3n es el \u00e1ngulo de p\u00e9rdida desde cero mientras el paciente est\u00e1 de pie con la rodilla completamente extendida. El fen\u00f3meno se expresa en la tabla siguiente <\/p>\n<div class=\"wp-block-image\">\n<figure class=\"aligncenter\"><img decoding=\"async\" width=\"432\" height=\"612\" data-src=\"\/wp-content\/uploads\/2022\/09\/image2-1.png\" alt=\"Extensi\u00f3n de rodilla para evaluar la p\u00e9rdida de movimiento y calcular la p\u00e9rdida de uso programada para pacientes de compensaci\u00f3n laboral\" class=\"wp-image-16272 lazyload\" src=\"data:image\/svg+xml;base64,PHN2ZyB3aWR0aD0iMSIgaGVpZ2h0PSIxIiB4bWxucz0iaHR0cDovL3d3dy53My5vcmcvMjAwMC9zdmciPjwvc3ZnPg==\" style=\"--smush-placeholder-width: 432px; --smush-placeholder-aspect-ratio: 432\/612;\" \/><\/figure>\n<\/div>\n<p class=\"has-text-align-center\"><strong>Extensi\u00f3n de rodilla<\/strong><\/p>\n\n<h3 class=\"wp-block-heading\">C\u00e1lculo de la p\u00e9rdida de uso<\/h3>\n\n<p>Determina si es necesario tener en cuenta alguna circunstancia especial antes de calcular la p\u00e9rdida total programada de la funci\u00f3n de la rodilla. Si no es as\u00ed, ten en cuenta los d\u00e9ficits de flexi\u00f3n (A) o extensi\u00f3n (B) seg\u00fan el gr\u00e1fico siguiente, seg\u00fan corresponda. El calendario no puede superar el valor de la anquilosis al evaluar en funci\u00f3n del rango de movimiento.    <\/p>\n\n<p><em><strong>Rodilla<\/strong><\/em><br\/><em><strong>Porcentaje de p\u00e9rdida de uso de la rodilla<\/strong><\/em><br\/><em><strong>Instrucciones: En la medida en que haya d\u00e9ficits, seleccione uno de la tabla siguiente.<\/strong><\/em><br\/><em><strong>El valor m\u00e1ximo no puede superar el valor de la anquilosis (70%).<\/strong><\/em><br\/><em><strong>Porcentajes de p\u00e9rdida de uso programados para valores de rango de movimiento por encima o por debajo de esos<\/strong><\/em><br\/><em><strong>La imagen aqu\u00ed debe ajustarse proporcionalmente<\/strong><\/em><\/p>\n<div class=\"wp-block-image\">\n<figure class=\"aligncenter\"><img alt=\"\" decoding=\"async\" width=\"620\" height=\"304\" data-src=\"\/wp-content\/uploads\/2022\/09\/Screenshot9.png\" alt=\"\" class=\"wp-image-16274 lazyload\" src=\"data:image\/svg+xml;base64,PHN2ZyB3aWR0aD0iMSIgaGVpZ2h0PSIxIiB4bWxucz0iaHR0cDovL3d3dy53My5vcmcvMjAwMC9zdmciPjwvc3ZnPg==\" style=\"--smush-placeholder-width: 620px; --smush-placeholder-aspect-ratio: 620\/304;\" \/><\/figure>\n<\/div>\n<p><strong>7.5 Consideraciones especiales que utilizamos<\/strong><\/p>\n\n<p>Las consideraciones especiales con los valores enumerados de p\u00e9rdida de uso del calendario incluyen lo siguiente. Cuando se indica o no se da un valor de programa, pueden introducirse otros d\u00e9ficits. Sin embargo, el valor de la anquilosis no puede superar la m\u00e1xima p\u00e9rdida de uso programada.  <\/p>\n\n<ol class=\"wp-block-list\">\n<li>r\u00f3tula: La escirse total resulta en una p\u00e9rdida del 15% de funci\u00f3n de las piernas; La escisi\u00f3n parcial resulta en una p\u00e9rdida de funci\u00f3n del 71\/2\u20130%. Incluye para atrofia muscular y d\u00e9ficits de movilidad <\/li>\n\n\n\n<li>Una fractura de r\u00f3tula con fijaci\u00f3n interna provoca una p\u00e9rdida de funci\u00f3n de pierna del 7,2\/2 al 10%.<\/li>\n\n\n\n<li>Dependiendo de la gravedad del da\u00f1o residual, la luxaci\u00f3n rotuliana, con o sin cirug\u00eda, resulta en una p\u00e9rdida del 10-15% de funci\u00f3n de las piernas.<\/li>\n\n\n\n<li>Dependiendo del grado de deterioro de la movilidad y atrofia muscular presente, la condromalacia rotelar, que va de moderada a significativa, provoca una p\u00e9rdida de funci\u00f3n de la pierna del 7,2 al 10%.<\/li>\n\n\n\n<li>La bursitis prepatuliana o infrapatelariana resulta en una p\u00e9rdida de funci\u00f3n de las piernas del 0 al 7,2 %.<\/li>\n\n\n\n<li>Una rotura del tend\u00f3n y del ligamento rotuliano del cu\u00e1driceps provoca una p\u00e9rdida de funci\u00f3n de pierna del 10 al 15%.<\/li>\n\n\n\n<li>Se pierde entre el 10 y el 15% de la funci\u00f3n de una pierna en una fractura de la meseta tibial.<\/li>\n\n\n\n<li>Dependiendo del grado de discapacidad residual, los desecantes de osteocondritis, con o sin cirug\u00eda, provocan una p\u00e9rdida de uso de la pierna entre un 7 y medio y un 10 %.<\/li>\n\n\n\n<li>La inestabilidad de rodilla no puede programarse a menos que se trate quir\u00fargicamente. Si la cirug\u00eda no tiene \u00e9xito y persiste la inestabilidad que requiere el uso de una f\u00e9rula, considera categorizar. La p\u00e9rdida de uso de la pierna est\u00e1 programada por laxitud ligamentosa (anteroposterior o lateral medial).  <\/li>\n\n\n\n<li>Ten en cuenta la clasificaci\u00f3n cuando la pr\u00f3tesis no funcional de un amputado presenta s\u00edntomas y problemas persistentes como neuromas, dolor fantasma y \u00falceras cr\u00f3nicas.<\/li>\n\n\n\n<li>El bloqueo repetido de la rodilla puede no ser compatible con el horario y deber\u00eda clasificarse.<\/li>\n\n\n\n<li>Una fractura del miembro tibial cicatrizada sin problemas de alineaci\u00f3n resulta en una p\u00e9rdida de funci\u00f3n de la pierna del 0 al 10%.<\/li>\n\n\n\n<li>Reemplazo total o parcial de rodilla o artroplastia: El objetivo es restaurar la funci\u00f3n articular. Los resultados se eval\u00faan al menos un a\u00f1o despu\u00e9s de la cirug\u00eda porque los cambios cl\u00ednicamente significativos en el funcionamiento pueden producirse antes. El calendario se determina por:  <\/li>\n<\/ol>\n\n<ul class=\"wp-block-list\">\n<li>Rango de movimiento (ROM) evaluado por flexi\u00f3n y extensi\u00f3n (usando la medici\u00f3n correspondiente al nivel de discapacidad);<\/li>\n\n\n\n<li>Posici\u00f3n:\n<ul class=\"wp-block-list\">\n<li>alineaci\u00f3n (deformidad de varo o valgo),<\/li>\n\n\n\n<li>estabilidad (laxitud medial\/lateral [ML]),<\/li>\n\n\n\n<li>movimiento anteroposterior (AP),<\/li>\n\n\n\n<li>o longitud de pierna (LL)<\/li>\n\n\n\n<li>Atrofia (medida a mitad del muslo en relaci\u00f3n con el lado contralateral); y<\/li>\n\n\n\n<li>Presencia de problemas cr\u00f3nicos (salvo que la clasificaci\u00f3n sea adecuada).<\/li>\n<\/ul>\n<\/li>\n<\/ul>\n\n<p>El gr\u00e1fico siguiente se utiliza para calcular los valores de p\u00e9rdida de uso programados. Una p\u00e9rdida del 35% de uso programado es un buen resultado (como se muestra en la fila A m\u00e1s abajo). Suma el valor del d\u00e9ficit adicional (usando el n\u00famero que m\u00e1s se ajuste al d\u00e9ficit en cada columna) a la base del 35 % para determinar la indemnizaci\u00f3n total por p\u00e9rdida de uso del horario cuando los d\u00e9ficits sean mayores que los descritos en la fila A.  <\/p>\n\n<p><strong>P\u00e9rdida de uso del calendario de reemplazo total o parcial de rodilla<\/strong><\/p>\n<div class=\"wp-block-image\">\n<figure class=\"aligncenter\"><img alt=\"\" decoding=\"async\" width=\"506\" height=\"574\" data-src=\"\/wp-content\/uploads\/2022\/09\/Screenshot10.png\" alt=\"\" class=\"wp-image-16275 lazyload\" src=\"data:image\/svg+xml;base64,PHN2ZyB3aWR0aD0iMSIgaGVpZ2h0PSIxIiB4bWxucz0iaHR0cDovL3d3dy53My5vcmcvMjAwMC9zdmciPjwvc3ZnPg==\" style=\"--smush-placeholder-width: 506px; --smush-placeholder-aspect-ratio: 506\/574;\" \/><\/figure>\n<\/div>\n<p><strong>Ejemplo:<\/strong><\/p>\n\n<p>Una persona se somete a una cirug\u00eda para reemplazar su rodilla. El profesional m\u00e9dico detect\u00f3 un mal resultado con muy poca flexi\u00f3n (limitada a 300) y un desalineamiento de 150 en el punto de m\u00e1xima mejora m\u00e9dica. <\/p>\n\n<ul class=\"wp-block-list\">\n<li>El valor del reemplazo comenzar\u00eda en el 35%.<\/li>\n\n\n\n<li>Aumenta un 30% si tu d\u00e9ficit de flexi\u00f3n es severo (300).<\/li>\n\n\n\n<li>Aumenta un 5% por desalineaci\u00f3n (15 grados).<\/li>\n<\/ul>\n\n<p>Esta persona tendr\u00eda un valor de SLU % en general.<\/p>\n\n<h2 class=\"wp-block-heading\">Pierna amputada<\/h2>\n\n<p>La amputaci\u00f3n en la articulaci\u00f3n de la rodilla provoca una p\u00e9rdida del 100% de la funci\u00f3n de las piernas; seis pulgadas por debajo de la rodilla resultan en una p\u00e9rdida de funci\u00f3n del 95%; y la zona media de la pantorrilla resulta en una p\u00e9rdida de funci\u00f3n del 90%. Una amputada que haya perdido el uso del 100% de las extremidades puede ser elegible para una subvenci\u00f3n adicional en el calendario en caso de una lesi\u00f3n futura. <\/p>\n\n<p>La amputaci\u00f3n puede causar un da\u00f1o grave a la capacidad de ingresos del paciente. Puede ser una situaci\u00f3n que distorsiona la vida tanto f\u00edsica como mentalmente. Se debe realizar una evaluaci\u00f3n adecuada para conceder al paciente la indemnizaci\u00f3n adecuada por p\u00e9rdida de calendario.  <\/p>\n\n<p>Por favor, consulta la p\u00e1gina web de la Junta de Compensaci\u00f3n Laboral de tu estado o habla con tu abogado especializado en Compensaci\u00f3n Laboral para m\u00e1s informaci\u00f3n.<\/p>\n","protected":false},"excerpt":{"rendered":"<p>Si te lesionaste en el trabajo y tienes curiosidad por la \u00abP\u00e9rdida de Uso Programada\u00bb (SLU) en tu rodilla y espinilla, \u00a1no busques m\u00e1s! Si cumples los criterios de la Junta de Compensaci\u00f3n Laboral, podr\u00edas recibir un pago de compensaci\u00f3n. Nuestro informe indicar\u00e1 que, debido a tu accidente laboral, has perdido funci\u00f3n en la parte [&hellip;]<\/p>\n","protected":false},"featured_media":69879,"parent":0,"menu_order":0,"template":"","meta":{"_acf_changed":false,"_seopress_robots_primary_cat":"","_seopress_titles_title":"P\u00e9rdida programada de uso de rodilla y tibia - Ortopedia completa","_seopress_titles_desc":"P\u00e9rdida programada de uso de la rodilla y la tibia por compensaci\u00f3n laboral. Visita Complete Orthopedics para aprender las t\u00e9cnicas para medir la discapacidad permanente. Vis\u00edtanos.  ","_seopress_robots_index":"yes","footnotes":""},"workers-compensation-categories":[170],"class_list":["post-70199","workers-compensation","type-workers-compensation","status-publish","has-post-thumbnail","hentry","workers-compensation-categories-perdida-de-uso-programada"],"acf":[],"_links":{"self":[{"href":"https:\/\/www.cortho.org\/es\/wp-json\/wp\/v2\/workers-compensation\/70199","targetHints":{"allow":["GET"]}}],"collection":[{"href":"https:\/\/www.cortho.org\/es\/wp-json\/wp\/v2\/workers-compensation"}],"about":[{"href":"https:\/\/www.cortho.org\/es\/wp-json\/wp\/v2\/types\/workers-compensation"}],"version-history":[{"count":1,"href":"https:\/\/www.cortho.org\/es\/wp-json\/wp\/v2\/workers-compensation\/70199\/revisions"}],"predecessor-version":[{"id":70201,"href":"https:\/\/www.cortho.org\/es\/wp-json\/wp\/v2\/workers-compensation\/70199\/revisions\/70201"}],"wp:featuredmedia":[{"embeddable":true,"href":"https:\/\/www.cortho.org\/es\/wp-json\/wp\/v2\/media\/69879"}],"wp:attachment":[{"href":"https:\/\/www.cortho.org\/es\/wp-json\/wp\/v2\/media?parent=70199"}],"wp:term":[{"taxonomy":"workers-compensation-categories","embeddable":true,"href":"https:\/\/www.cortho.org\/es\/wp-json\/wp\/v2\/workers-compensation-categories?post=70199"}],"curies":[{"name":"wp","href":"https:\/\/api.w.org\/{rel}","templated":true}]}}