{"id":70193,"date":"2025-10-29T17:46:02","date_gmt":"2025-10-29T17:46:02","guid":{"rendered":"https:\/\/cortho.org\/workers-compensation\/perdida-programada-de-uso-de-la-compensacion-laboral-para-afecciones-del-sistema-nervioso-central-lesiones-de-nervios-perifericos-y-neuropatias-de-atrapamiento-compresion\/"},"modified":"2026-01-03T16:39:14","modified_gmt":"2026-01-03T16:39:14","slug":"perdida-programada-de-uso-de-la-compensacion-laboral-para-afecciones-del-sistema-nervioso-central-lesiones-de-nervios-perifericos-y-neuropatias-de-atrapamiento-compresion","status":"publish","type":"workers-compensation","link":"https:\/\/www.cortho.org\/es\/compensacion-laboral\/perdida-programada-de-uso-de-la-compensacion-laboral-para-afecciones-del-sistema-nervioso-central-lesiones-de-nervios-perifericos-y-neuropatias-de-atrapamiento-compresion\/","title":{"rendered":"P\u00e9rdida programada de uso de la compensaci\u00f3n laboral para afecciones del sistema nervioso central, lesiones de nervios perif\u00e9ricos y neuropat\u00edas de atrapamiento \/ compresi\u00f3n"},"content":{"rendered":"\n<p>Puede que te preguntes qu\u00e9 significa \u00abP\u00e9rdida de Uso Programada\u00bb (SLU) si te lesionaste en el trabajo. \u00a1Esto es lo que necesitas saber! Seguimos las directrices de la Junta de Compensaci\u00f3n Laboral y puede que sea elegible para un pago de compensaci\u00f3n.  <\/p>\n\n<p>Cuando presentas una P\u00e9rdida de Uso Programada, la evaluamos y determinamos si tu condici\u00f3n est\u00e1 relacionada con el trabajo. Emitiremos una conclusi\u00f3n en la que afirmamos que, debido a tu accidente laboral, has perdido funci\u00f3n en la parte da\u00f1ada de tu cuerpo que puede durar toda la vida. <\/p>\n\n<p>En nuestro informe se siguen las Directrices de Compensaci\u00f3n Laboral para la Evaluaci\u00f3n de la Discapacidad. Este art\u00edculo se basa en las regulaciones de compensaci\u00f3n laboral del estado de Nueva York. <\/p>\n\n<h2 class=\"wp-block-heading\">Sistema nervioso central \u2013 Nervios craneales<\/h2>\n\n<ol class=\"wp-block-list\">\n<li><strong>Nervio inicial<br\/><\/strong>La anosmia puede desarrollarse como resultado de un traumatismo frontal (coup o contra coup) si la placa cribiforme se rompe o si los filamentos perforantes de los nervios craneales est\u00e1n da\u00f1ados. Una infecci\u00f3n respiratoria superior es la causa m\u00e1s frecuente de anosmia. Cl\u00ednicamente hablando, una fractura etmoidea podr\u00eda estar relacionada con la anosmia.    <\/li>\n\n\n\n<li><strong>Nerbio Tercero, Cuarto y Sexto<\/strong>Son posibles anisocorias traum\u00e1ticas con afectaci\u00f3n del tercer nervio, p\u00e1rpados ca\u00eddos (ptosis) y afectaci\u00f3n de las ramas ganglionares ciliares (esf\u00ednter del iris) con iridoplejia por dilataci\u00f3n y reflejo. Si est\u00e1 completa, la pupila se dilata y el ojo se gira hacia fuera o hacia abajo. La diplop\u00eda con la mirada hacia abajo es un s\u00edntoma de par\u00e1lisis del cuarto nervio (par\u00e1lisis del oblicuo superior). La abducci\u00f3n es d\u00e9bil o paralizada con un estrabismo convergente en par\u00e1lisis del sexto nervio. La opacidad corneal, la afacia u otras secuelas de da\u00f1o ocular pueden dejar una desfiguraci\u00f3n facial de por vida.     <\/li>\n\n\n\n<li><strong>Quinto Nervio<\/strong>Ramas oft\u00e1lmicas, maxilares o mandibulares pueden desarrollar fracturas basales del cr\u00e1neo como resultado de un traumatismo. No est\u00e1 claro qu\u00e9 causa la neuralgia del trig\u00e9mino (douloureux). A pesar de ser incapacitante, normalmente no es compensable. La parte motora del quinto nervio, el m\u00fasculo masetero, es la responsable de morder.     <\/li>\n\n\n\n<li><strong>S\u00e9ptimo Nervio<\/strong>El nervio facial puede verse da\u00f1ado por traumatismos traum\u00e1ticos en la parte superior del cuello o la cara. En el lado afectado, hay una falta de movimiento emocional y voluntario. La capacidad de alzar una ceja, hacer un puchero, apartar la mirada, mostrar los dientes, silbar o fruncir los labios est\u00e1 ausente. El fen\u00f3meno de Bell hace que el globo se gire hacia arriba cuando uno intenta cerrar los ojos; Cuando beben, el l\u00edquido se filtra por el lado afectado. La hiperacusia puede darse en casos de disfunci\u00f3n del m\u00fasculo estap\u00e9dico. La etiolog\u00eda de la par\u00e1lisis de Bell es incierta. La hinchaz\u00f3n del foramen estilomastoideo puede ser la causa. Ocasionalmente puede ser viral y causar brotes de herpes z\u00f3ster en el conducto auditivo externo (s\u00edndrome de Ramsey Hunt). La causa es clara y no se puede reparar. A menos que haya da\u00f1o en el cuello o en la cara, normalmente no es una lesi\u00f3n compensable. Hasta dos tercios de la lengua ipsilateral pueden experimentar p\u00e9rdida de gusto.  <\/li>\n\n\n\n<li><strong>Octavo Nervio<\/strong>Componentes del octavo nervio: coclear (auditivo) y vestibular (equilibrio). Una sola p\u00e9rdida solo es moderadamente incapacitante. Debido a las dificultades de comunicaci\u00f3n, la p\u00e9rdida bilateral es extremadamente incapacitante. Esto puede ser una discapacidad laboral muy grave.     <\/li>\n\n\n\n<li><strong>Noveno, D\u00e9cimo y Und\u00e9cimo Nervio<\/strong>Normalmente no est\u00e1 relacionado con lesiones que es compensable.  <\/li>\n\n\n\n<li><strong>Duod\u00e9cimo Nervio<\/strong>La p\u00e9rdida unilateral suele resultar de un infarto del tronco encef\u00e1lico m\u00e1s que de un trauma y no es especialmente incapacitante.<\/li>\n<\/ol>\n\n<h2 class=\"wp-block-heading\">Sistema nervioso perif\u00e9rico<\/h2>\n\n<ol class=\"wp-block-list\">\n<li><strong>Plexopat\u00edas<\/strong>Las causas m\u00e1s frecuentes de lesi\u00f3n del plexo braquial incluyen heridas de bala y actividades que provocan estiramientos y compresi\u00f3n excesivos, como levantar objetos grandes o permanecer quieto durante un periodo prolongado mientras se est\u00e1 bajo estesia. Resultados similares pueden producirse tras la avulsi\u00f3n de la ra\u00edz del nervio cervical. El traumatismo vehicular puede ocasionalmente causar una plechopat\u00eda braquial completa, dejando el brazo paralizado y sin reflejos restantes. Debido a una p\u00e9rdida severa de funci\u00f3n y dolor, una plexopat\u00eda braquial severa puede dejar temporalmente a una persona completamente discapacitada. Espera al menos dos a\u00f1os para determinar si se desarrollan deficiencias que puedan resultar en una discapacidad permanente o una p\u00e9rdida de horario antes de asumir que una participaci\u00f3n m\u00e1s d\u00e9bil resultar\u00e1 en una discapacidad parcial. Los m\u00fasculos b\u00edceps, deltoides, supinador largo largo, braquial, supraespinoso, infraespinoso y romboides est\u00e1n todos afectados por la plexopat\u00eda braquial superior, lo que conduce a una secuela en la que el brazo se rota internamente y cuelga hacia un lado. No se hacen cambios en el movimiento de la mano. A pesar de una recuperaci\u00f3n parcial ocasional, el pron\u00f3stico de recuperaci\u00f3n es favorable. Cuando la funci\u00f3n regrese tras dos a\u00f1os, revaluar; Quiz\u00e1 puedas programar la p\u00e9rdida de uso del brazo en ese momento. Las lesiones en el brazo abducido por ca\u00eddas o cirug\u00edas pueden causar plechopat\u00eda braquial inferior. Los m\u00fasculos peque\u00f1os de la mano se debilitan y se debilitan, lo que puede llevar a la p\u00e9rdida de funci\u00f3n de la mano en algunos casos. Incluso despu\u00e9s de una resecci\u00f3n de costillas, las plexopat\u00edas braquiales suelen permitir una correcci\u00f3n final dos a\u00f1os despu\u00e9s. En caso de debilidad persistente y dolor intratable, puede ser necesario considerar una discapacidad parcial que pueda suponer una clasificaci\u00f3n grave.        <\/li>\n\n\n\n<li><strong>S\u00edndrome del Canal Tor\u00e1cico<br\/><\/strong>Una costilla cervical aberrante, una hiperplasia escalena anterior y una hiperabducci\u00f3n pueden estar relacionadas con el s\u00edndrome de salida tor\u00e1cica. Los m\u00fasculos escalenos anterior y medial pueden verse alterados, y el plexo braquial puede comprimirse por una costilla cervical anormal que surge de la s\u00e9ptima v\u00e9rtebra cervical. La compresi\u00f3n de la arteria subclavia es otra posibilidad. Las costillas cervicales est\u00e1n presentes en cinco d\u00e9cimas partes de la poblaci\u00f3n, siendo el diez por ciento sintom\u00e1tica. La ca\u00edda de hombros de las mujeres puede ser significativa, y pueden estar implicadas ocupaciones tanto de hombres como de mujeres. Con mayor frecuencia, hay paraestesia y dolor. El diagn\u00f3stico puede hacerse con la ayuda del signo de Adson. La prueba para la oclusi\u00f3n del m\u00fasculo escaleno anticus de la arteria subclavia se realiza mediante la siguiente t\u00e9cnica: El paciente est\u00e1 sentado, codos a los lados y cuello extendido. El pulso radial se siente durante la respiraci\u00f3n profunda, y puede producirse una obliteraci\u00f3n completa, ya que la barbilla se baja en direcci\u00f3n al lado afectado. El diagn\u00f3stico puede no hacerse con mucha ayuda de pruebas de conducci\u00f3n nerviosa y angiograf\u00eda. El s\u00edndrome del t\u00fanel carpiano, la compresi\u00f3n del nervio cubital en el codo y los discos cervicales pueden confundirse con ello. Es posible programar la p\u00e9rdida del uso del brazo si se trata la condici\u00f3n (por ejemplo, mediante cirug\u00eda u otro tipo de tratamiento) y solo persisten s\u00edntomas leves y anomal\u00edas neurol\u00f3gicas; No obstante, si la condici\u00f3n es grave y persistente, debe tenerse en cuenta la clasificaci\u00f3n.        <\/li>\n<\/ol>\n\n<h2 class=\"wp-block-heading\">Neuropat\u00edas de atrapamiento \/ compresi\u00f3n<\/h2>\n\n<p>Fisiopatolog\u00eda: un nervio que est\u00e1 confinado y continuamente sometido a presi\u00f3n o movimiento mientras viaja a trav\u00e9s de un canal estrecho. La lesi\u00f3n isqu\u00e9mica provoca que el epi y el perineurio se hinchen significativamente, asfixiando el nervio. <\/p>\n\n<ol class=\"wp-block-list\">\n<li><strong>Nervio mediano \u2013 S\u00edndrome del t\u00fanel carpiano<\/strong>El s\u00edndrome de atrapamiento nervioso perif\u00e9rico que afecta con mayor frecuencia a la extremidad superior se conoce como S\u00edndrome del Nervio Medio \u2013 S\u00edndrome del T\u00fanel Carpiano.<br\/>El nervio mediano suele estar comprimido debido al engrosamiento del sinovio que rodea los tendones flexores en la mu\u00f1eca, lo que puede ser causado por hemorragia, formaci\u00f3n de callos, fracturas malunidas, etc. La eminencia tenar puede atrofiarse, los primeros tres dedos y medio pueden hormiguear o entumecers, el pulgar puede debilitarse en oposici\u00f3n, y tanto la prueba de Tinel como la de Falen pueden dar positivo. El s\u00edndrome del t\u00fanel carpiano, con o sin descompresi\u00f3n, generalmente se trata con una p\u00e9rdida programada de la mano, que suele resultar en una p\u00e9rdida media de funci\u00f3n del 10\u201320%. Considera la clasificaci\u00f3n si los s\u00edntomas contin\u00faan y la condici\u00f3n se vuelve incapacitante.   <\/li>\n\n\n\n<li><strong>Nervio cubital \u2013 Codo con s\u00edndrome del t\u00fanel cubital<\/strong><strong>Debido a<\/strong>su posici\u00f3n superficial en el codo, donde solo est\u00e1 protegido por la fascia y la piel, el nervio cubital es vulnerable a un trauma directo. Puede implicar un solo trauma mayor o varios menores (por ejemplo, presi\u00f3n constante en el codo). Aunque el nervio puede verse da\u00f1ado por la presi\u00f3n durante la estesia, esto suele deberse a ser arrastrado demasiado fuerte contra el surco cubital. A medida que el nervio pasa por las dos cabezas del carpo cubital, queda restringido. Los siguientes signos y s\u00edntomas est\u00e1n presentes: (a) dolor de ardor en el anular y el me\u00f1ique y la hipestesia; (b) incapacidad para separar los dedos debido a debilidad inter\u00f3sea \u2013 una parte significativa de los m\u00fasculos intr\u00ednsecos de la mano se ve afectada; (c) hiperextensi\u00f3n del anular y el me\u00f1ique causada por debilidad del flexor profundo del dedo en la articulaci\u00f3n MCP; y (d) aplanamiento de la eminencia hipot\u00e9nica por p\u00e9rdida de volumen. El procedimiento m\u00e9dico preferido es la transposici\u00f3n del nervio cubital. Si hay d\u00e9ficits en el codo junto con atrapamiento del nervio cubital, el brazo suele recibir una p\u00e9rdida de uso programada. Se proporciona p\u00e9rdida programada del uso de la mano si las anomal\u00edas neurol\u00f3gicas y los d\u00e9ficits de movilidad se limitan a las manos y los dedos. <strong>Mu\u00f1eca<\/strong>El tronco palmar y las ramas superficiales del nervio cubital se lesionan directamente por la fuerza aplicada a la base de la eminencia hipot\u00e9nica mientras el hueso se asienta sobre el hueso delgado amortiguado en una lesi\u00f3n de mu\u00f1eca. Es posible que la fuerza sea repetitiva debido al uso de una herramienta o instrumento concreto en el lugar de trabajo, como alicates o un destornillador. El uso de bast\u00f3n, muletas o presi\u00f3n de f\u00e9rula puede causar da\u00f1os recurrentes. La fuerza del pellizco del pulgar es el s\u00edntoma m\u00e1s destacado en este nivel, mientras que el anular y el me\u00f1ique experimentan p\u00e9rdida sensorial.             <\/li>\n\n\n\n<li><strong>Inter\u00f3sea anterior (s\u00edndrome del pronador tero)<br\/><\/strong>El nervio medio puede comprimirse al atravesar los m\u00fasculos pronador redondo, lo que provoca esta condici\u00f3n. La etiolog\u00eda m\u00e1s com\u00fan es el trauma directo causado por un golpe severo en la parte superior del antebrazo. Comprimir el nervio mediano contra el margen del sublimis puede provocar hinchaz\u00f3n reactiva de los m\u00fasculos cercanos. Una hipertrofia del m\u00fasculo pronador causada por un traumatismo oculto, como la pronaci\u00f3n repetida y forzada junto con la flexi\u00f3n forzada de los dedos, tensa el borde sublimis y comprime el nervio mediano. El pulgar, el \u00edndice, el coraz\u00f3n y la parte radial del anular presentan p\u00e9rdida sensorial en los lados palmar y radial. La incapacidad de la mu\u00f1eca para pronar y la p\u00e9rdida de flexi\u00f3n de la articulaci\u00f3n IP del pulgar son casos de hallazgos motores. La atrofia de Thenar es menos grave en el s\u00edndrome del pronador tero que en la enfermedad del t\u00fanel carpiano. A estos clientes a menudo se les asigna una p\u00e9rdida de uso manual en horario basado en d\u00e9ficits motores y sensoriales.     <\/li>\n\n\n\n<li><strong>Inter\u00f3sea posterior<\/strong>Una neuropat\u00eda de la rama muscular profunda del nervio radial se conoce como s\u00edndrome del nervio inter\u00f3seo posterior. Un s\u00edndrome motor y, con menos frecuencia, un s\u00edndrome de dolor son las dos principales manifestaciones de esto. El s\u00edndrome doloroso tambi\u00e9n se conoce como codo de tenista resistivo y s\u00edndrome del t\u00fanel radial, y cl\u00ednicamente imita un codo de tenista doloroso.  <br\/><strong><br\/>Etiolog\u00eda:<\/strong> El nervio inter\u00f3sea posterior puede estar contra\u00eddo por un tumor, ganglios, sinovitis del codo o traumatis. Una lesi\u00f3n grave puede provocar una luxaci\u00f3n del codo, una fractura del c\u00fabito con dislocaci\u00f3n radial de la cabeza o una fractura de la cabeza radial. Las placas de compresi\u00f3n utilizadas en el tratamiento abierto de fracturas del radio proximal tienen el potencial de da\u00f1ar el nervio inter\u00f3seo posterior. Normalmente, el punto de entrada del m\u00fasculo supinador bajo la arcada de Frohse es donde el nervio se comprime. Los m\u00fasculos que suministra el nervio, incluyendo el extensor del carpo radial, el extensor del dedo, el extensor \u00edndice propio, el abductor del cuerpo largo y corto, y el extensor del lado largo del dedo, pueden mostrar debilidad total o parcial. La mu\u00f1eca suele desplazarse radialmente y presenta debilidad en la extensi\u00f3n. Habr\u00e1 un debilitamiento en la abducci\u00f3n radial del pulgar, as\u00ed como en la extensi\u00f3n de las articulaciones MCP en los dedos y el pulgar. Normalmente, las manos reciben el criterio de p\u00e9rdida de uso programado, que es cualquier d\u00e9ficit neurol\u00f3gico y funcional restante. La p\u00e9rdida de uso programada se asigna a los brazos si el examen detecta un d\u00e9ficit en la articulaci\u00f3n del codo directamente relacionado.      <\/li>\n\n\n\n<li>Femoral Lateral La zona de la columna anterosuperior donde el nervio cut\u00e1neo femoral lateral atraviesa el ligamento inguinal es donde es susceptible a una neuropat\u00eda por atrapamiento. El punto de uni\u00f3n del nervio est\u00e1 aqu\u00ed. El nervio est\u00e1 tenso contra el punto de atrapamiento si la extremidad es abducida. La neuropat\u00eda consiguiente provoca hipestesia y un dolor tipo ardor en el muslo anterolateral. <strong>Etiolog\u00eda:<\/strong> Puede ocurrir tras una lesi\u00f3n directa en la regi\u00f3n o una fractura del ilio anterior. Puede deberse a una inclinaci\u00f3n p\u00e9lvica y un acortamiento de la extremidad (tras la pr\u00f3tesis de cadera). Como resultado, la cadera opuesta se ve forzada a la aducci\u00f3n, empujando la fascia profunda y el nervio hacia arriba contra el punto de atrapamiento. Las secretarias que pasan mucho tiempo sentadas con las piernas cruzadas pueden no tener los mismos s\u00edntomas. La condici\u00f3n se conoce como atrapamiento cut\u00e1neo del nervio cut\u00e1neo femoral lateral, tambi\u00e9n conocida como meralgia parest\u00e9sica, que provoca dolor ardiente, hormigueo y entumecimiento en la parte externa del muslo. La compresi\u00f3n del nervio que proporciona sensibilidad a la piel del muslo es lo que lo causa. Sus s\u00edntomas incluyen hormigueo y entumecimiento, dolor de ardor, disminuci\u00f3n de la sensibilidad, aumento de la sensibilidad y dolor incluso al tocar ligeramente. Es raro que la compensaci\u00f3n de los pacientes cubra meralgia parest\u00e9sica. Si hay un d\u00e9ficit sensorial residual, normalmente es aceptable para una p\u00e9rdida programada del uso de la mano.         <\/li>\n\n\n\n<li>S\u00edndrome del t\u00fanel tarsiano (Atrapamiento tibial posterior) ocurre detr\u00e1s y directamente debajo del mal\u00e9olo medial. El tend\u00f3n posterior del tibial, el flexor del duelo largo y el flexor del dedo largo rodean el nervio en esta regi\u00f3n. La estructura est\u00e1 cubierta por el ligamento lancinado, que tambi\u00e9n convierte el pasaje en un t\u00fanel fibroso Osseo. Esta hinchaz\u00f3n del t\u00fanel tarsiano causada por tenosinovitis podr\u00eda funcionar como una lesi\u00f3n que ocupa espacio y comprime el nervio. El dolor ardiente en los dedos y la planta del pie es uno de los signos y s\u00edntomas de advertencia. Cuando las ramas calc\u00e1neas se ven afectadas, el tal\u00f3n es el principal lugar de molestia. El gl\u00fateo puede experimentar dolor que se refiere a lo largo del eje ci\u00e1tico. El pasado puede contener traumas significativos. Todas las articulaciones MTP de los dedos pueden verse afectadas en t\u00e9rminos de flexi\u00f3n. El dolor a lo largo de la distribuci\u00f3n del nervio tibial posterior podr\u00eda deberse a la presi\u00f3n sobre el nervio. Diferentes formas de sujetar el tal\u00f3n pueden ayudar con los s\u00edntomas. El retin\u00e1culo flexor se secciona como forma de terapia. En la compensaci\u00f3n laboral, el s\u00edndrome del t\u00fanel tarsal es bastante com\u00fan. La p\u00e9rdida programada de la funci\u00f3n del pie es posible, con o sin cirug\u00eda, dependiendo del d\u00e9ficit residual y las alteraciones neurol\u00f3gicas.           <\/li>\n\n\n\n<li><strong>Plantar (Metatarsalgia de Morton)<\/strong>En las articulaciones metatarsofal\u00e1ngeas del pie, la hiperextensi\u00f3n provoca atrapamiento. El dolor suele sentirse entre el tercer y cuarto dedo (neuroma de Morton). <br\/>El nervio interdigital, que cruza el ligamento transverso profundo, est\u00e1 sensible y anestesiado en las puntas de los dedos. Estos nervios se elevan desde la planta del pie y terminan m\u00e1s dorsalmente en los dedos. Cuando los dedos est\u00e1n hiperextendidos en las articulaciones MTP, estas neuronas se activan contra el ligamento transverso. Solo al caminar al principio, hay dolor que se irradia hacia el tercer y cuarto dedo del pie; despu\u00e9s, el dolor vuelve por s\u00ed solo por la noche. La p\u00e9rdida de funci\u00f3n del pie suele programarse para la metatarsalgia de Morton. Un nombre t\u00edpico para la molestia en el pie en la parte delantera del pie es metatarsalgia. Puedes ser derivado a una cl\u00ednica ortop\u00e9dica para contemplar la cirug\u00eda si los tratamientos recomendados no tienen \u00e9xito y el dolor en el antepi\u00e9 persiste. Dependiendo de la causa subyacente del problema, la cirug\u00eda podr\u00eda ayudar con los s\u00edntomas de los pacientes. Solo despu\u00e9s de que se hayan probado y fallado todos los dem\u00e1s tratamientos durante al menos tres meses se puede considerar la cirug\u00eda. Tras la cirug\u00eda, puede haber un periodo de recuperaci\u00f3n de varios meses, durante el cual el pie no debe soportar peso durante las primeras seis semanas.        <\/li>\n\n\n\n<li><strong>Complicaciones de la lesi\u00f3n del plexo y del nervio perif\u00e9rico<\/strong>El dolor por radiculopat\u00edas sensoriales puede referirse al esclerotomo (m\u00fasculo, fascia, periostio y hueso), que provoca que las alteraciones secundarias en una articulaci\u00f3n se vuelvan inm\u00f3viles. Por ejemplo, un hombro congelado puede agravar la espondilosis cervical. Un bloqueo del plexo braquial o una punci\u00f3n vascular pueden causar da\u00f1o en el plexo braquial. La neurotoxicidad relacionada con la inyecci\u00f3n, la formaci\u00f3n de hematomas y el trauma directo por agujas lo causan. Molestias leves y pasajeras hasta alteraciones sensoriales graves o p\u00e9rdida motora con recuperaci\u00f3n lenta son todas posibles presentaciones neurol\u00f3gicas. Se utilizan tanto la terapia conservadora como la investigaci\u00f3n quir\u00fargica en el manejo. Debe eliminarse de inmediato, especialmente si aparece un hematoma. Para prevenir da\u00f1os nerviosos, es esencial un conocimiento anat\u00f3mico exhaustivo y habilidades expertas.     <\/li>\n<\/ol>\n\n<p>Por favor, consulta la p\u00e1gina web de la Junta de Compensaci\u00f3n Laboral de tu estado o habla con tu abogado especializado en Compensaci\u00f3n Laboral para m\u00e1s informaci\u00f3n.<\/p>\n","protected":false},"excerpt":{"rendered":"<p>Puede que te preguntes qu\u00e9 significa \u00abP\u00e9rdida de Uso Programada\u00bb (SLU) si te lesionaste en el trabajo. \u00a1Esto es lo que necesitas saber! Seguimos las directrices de la Junta de Compensaci\u00f3n Laboral y puede que sea elegible para un pago de compensaci\u00f3n. Cuando presentas una P\u00e9rdida de Uso Programada, la evaluamos y determinamos si tu [&hellip;]<\/p>\n","protected":false},"featured_media":67896,"parent":0,"menu_order":0,"template":"","meta":{"_acf_changed":false,"_seopress_robots_primary_cat":"","_seopress_titles_title":"P\u00e9rdida de uso para afecciones del sistema nervioso central - Ortopedia completa","_seopress_titles_desc":"P\u00e9rdida programada de uso por compensaci\u00f3n laboral para afecciones del sistema nervioso central, lesiones de nervios perif\u00e9ricos y neuropat\u00edas de atrapamiento\/compresi\u00f3n. Vis\u00edtanos. ","_seopress_robots_index":"yes","footnotes":""},"workers-compensation-categories":[170],"class_list":["post-70193","workers-compensation","type-workers-compensation","status-publish","has-post-thumbnail","hentry","workers-compensation-categories-perdida-de-uso-programada"],"acf":[],"_links":{"self":[{"href":"https:\/\/www.cortho.org\/es\/wp-json\/wp\/v2\/workers-compensation\/70193","targetHints":{"allow":["GET"]}}],"collection":[{"href":"https:\/\/www.cortho.org\/es\/wp-json\/wp\/v2\/workers-compensation"}],"about":[{"href":"https:\/\/www.cortho.org\/es\/wp-json\/wp\/v2\/types\/workers-compensation"}],"version-history":[{"count":1,"href":"https:\/\/www.cortho.org\/es\/wp-json\/wp\/v2\/workers-compensation\/70193\/revisions"}],"predecessor-version":[{"id":70195,"href":"https:\/\/www.cortho.org\/es\/wp-json\/wp\/v2\/workers-compensation\/70193\/revisions\/70195"}],"wp:featuredmedia":[{"embeddable":true,"href":"https:\/\/www.cortho.org\/es\/wp-json\/wp\/v2\/media\/67896"}],"wp:attachment":[{"href":"https:\/\/www.cortho.org\/es\/wp-json\/wp\/v2\/media?parent=70193"}],"wp:term":[{"taxonomy":"workers-compensation-categories","embeddable":true,"href":"https:\/\/www.cortho.org\/es\/wp-json\/wp\/v2\/workers-compensation-categories?post=70193"}],"curies":[{"name":"wp","href":"https:\/\/api.w.org\/{rel}","templated":true}]}}