{"id":70188,"date":"2025-10-29T10:46:40","date_gmt":"2025-10-29T10:46:40","guid":{"rendered":"https:\/\/cortho.org\/workers-compensation\/perdida-programada-de-uso-de-la-compensacion-laboral-para-tobillo-y-pie\/"},"modified":"2026-01-03T16:39:14","modified_gmt":"2026-01-03T16:39:14","slug":"perdida-programada-de-uso-de-la-compensacion-laboral-para-tobillo-y-pie","status":"publish","type":"workers-compensation","link":"https:\/\/www.cortho.org\/es\/compensacion-laboral\/perdida-programada-de-uso-de-la-compensacion-laboral-para-tobillo-y-pie\/","title":{"rendered":"P\u00e9rdida programada de uso de la compensaci\u00f3n laboral para tobillo y pie"},"content":{"rendered":"\n<p>No busques m\u00e1s si te has lesionado en el trabajo y te preguntas por la \u00abP\u00e9rdida Programada de Uso\u00bb (SLU) en tu tobillo y pie. Podr\u00edas calificar para un pago de compensaci\u00f3n si cumples los criterios de la Junta de Compensaci\u00f3n Laboral. <\/p>\n\n<p>Si sufres una lesi\u00f3n en el trabajo, podr\u00edas ser elegible para un pago de compensaci\u00f3n determinado seg\u00fan los est\u00e1ndares de la Junta de Compensaci\u00f3n Laboral.<\/p>\n\n<p>Debido a tu accidente laboral, has perdido funci\u00f3n en la parte corporal lesionada que, seg\u00fan nuestra evaluaci\u00f3n, durar\u00e1 toda la vida. Nuestra evaluaci\u00f3n sigue los Est\u00e1ndares de Compensaci\u00f3n de Trabajadores para Evaluar la Capacidad de Trabajar. Los t\u00e9rminos de este art\u00edculo se basan en las regulaciones de compensaci\u00f3n laboral del estado de Nueva York.  <\/p>\n\n<h2 class=\"wp-block-heading\">Objetivos para determinar la discapacidad de tobillo y pie<\/h2>\n\n<p>La tibia distal y el peron\u00e9 se unen para formar el tobillo, una articulaci\u00f3n mortajista que ayuda a caminar estabilizando las extremidades inferiores. Durante el ciclo de la marcha, el pie sirve como una plataforma s\u00f3lida durante el despegue de la punta y como amortiguador durante la pisada del tal\u00f3n. La dorsiflexi\u00f3n del tobillo es necesaria para subir y descender escalones, mientras que la flexi\u00f3n plantar eleva el cuerpo y presiona los pedales para operar m\u00e1quinas o veh\u00edculos.  <\/p>\n\n<p>Nuestro objetivo es determinar con precisi\u00f3n las limitaciones f\u00edsicas permanentes que experiment\u00f3 un paciente como resultado de su accidente. La evaluaci\u00f3n debe, en la mayor medida posible, basarse en informaci\u00f3n factual obtenida de la historia cl\u00ednica y el examen f\u00edsico, as\u00ed como en cualquier resultado relevante de pruebas diagn\u00f3sticas. <\/p>\n\n<h2 class=\"wp-block-heading\">T\u00e9cnicas para determinar la discapacidad permanente<\/h2>\n\n<p>En el momento de mayor mejora m\u00e9dica, cuando no se prev\u00e9 una recuperaci\u00f3n adicional, evaluamos el grado de limitaciones f\u00edsicas permanentes. En funci\u00f3n de los resultados del curso cl\u00ednico de tratamiento, la experiencia del m\u00e9dico y cualquier alternativa adicional a tu disposici\u00f3n, se eval\u00faa la mayor mejora m\u00e9dica. <\/p>\n\n<p>Cuando sea apropiado, el profesional m\u00e9dico debe tener en cuenta la extremidad contralateral y los valores esperados\/normales al determinar el alcance de los d\u00e9ficits f\u00edsicos residuales permanentes. El intervalo entre una lesi\u00f3n y el punto de mayor progreso m\u00e9dico puede variar, aunque en la mayor\u00eda de los casos es un a\u00f1o despu\u00e9s de la lesi\u00f3n o de la cirug\u00eda m\u00e1s reciente. <\/p>\n\n<p>Cuando un paciente desarrolla anquilosis, necesita una amputaci\u00f3n o pierde la capacidad de usar una determinada parte del cuerpo, sufre una p\u00e9rdida planificada. La anquilosis, un trastorno que provoca rigidez e inmovilidad, es causada por la reacci\u00f3n inflamatoria del cuerpo a la fusi\u00f3n de los huesos. <\/p>\n\n<h3 class=\"wp-block-heading\">Rango de movimiento del tobillo<\/h3>\n<div class=\"wp-block-image\">\n<figure class=\"aligncenter\"><img decoding=\"async\" width=\"692\" height=\"979\" data-src=\"\/wp-content\/uploads\/2022\/09\/image1-5.png\" alt=\"D\u00e9ficit de Porcentaje de P\u00e9rdida de Uso del Pie en Flexi\u00f3n del Tobillo\" class=\"wp-image-16332 lazyload\" src=\"data:image\/svg+xml;base64,PHN2ZyB3aWR0aD0iMSIgaGVpZ2h0PSIxIiB4bWxucz0iaHR0cDovL3d3dy53My5vcmcvMjAwMC9zdmciPjwvc3ZnPg==\" style=\"--smush-placeholder-width: 692px; --smush-placeholder-aspect-ratio: 692\/979;\" \/><\/figure>\n<\/div>\n<p class=\"has-text-align-center\"><strong>Porcentaje de p\u00e9rdida de uso del pie: D\u00e9ficits de flexi\u00f3n del tobillo<\/strong><\/p>\n<div class=\"wp-block-image\">\n<figure class=\"aligncenter\"><img decoding=\"async\" width=\"477\" height=\"675\" data-src=\"\/wp-content\/uploads\/2022\/09\/image3-3.png\" alt=\"inversi\u00f3n y eversi\u00f3n del tobillo para evaluar la p\u00e9rdida de movimiento y calcular la p\u00e9rdida de uso programada para pacientes de compensaci\u00f3n laboral\" class=\"wp-image-16331 lazyload\" src=\"data:image\/svg+xml;base64,PHN2ZyB3aWR0aD0iMSIgaGVpZ2h0PSIxIiB4bWxucz0iaHR0cDovL3d3dy53My5vcmcvMjAwMC9zdmciPjwvc3ZnPg==\" style=\"--smush-placeholder-width: 477px; --smush-placeholder-aspect-ratio: 477\/675;\" \/><\/figure>\n<\/div>\n<p class=\"has-text-align-center\"><strong>Movimiento articular subtalar<\/strong><\/p>\n<div class=\"wp-block-image\">\n<figure class=\"aligncenter\"><img decoding=\"async\" width=\"555\" height=\"785\" data-src=\"\/wp-content\/uploads\/2022\/09\/image2-4.png\" alt=\"Plantar-Motion del tobillo para evaluar la p\u00e9rdida de movimiento y calcular la p\u00e9rdida programada de uso para el paciente de compensaci\u00f3n laboral\" class=\"wp-image-16330 lazyload\" src=\"data:image\/svg+xml;base64,PHN2ZyB3aWR0aD0iMSIgaGVpZ2h0PSIxIiB4bWxucz0iaHR0cDovL3d3dy53My5vcmcvMjAwMC9zdmciPjwvc3ZnPg==\" style=\"--smush-placeholder-width: 555px; --smush-placeholder-aspect-ratio: 555\/785;\" \/><\/figure>\n<\/div>\n<p class=\"has-text-align-center\"><strong>Movimiento plantar<\/strong><\/p>\n\n<h2 class=\"wp-block-heading\">Determinaci\u00f3n de la p\u00e9rdida de uso del pie<\/h2>\n\n<p>Primero, establecemos si es necesario tener en cuenta alguna circunstancia particular antes de calcular la p\u00e9rdida total programada del uso del pie. Si no, incluye cualquier deficiencia de dorsiflexi\u00f3n y flexi\u00f3n plantar. Otros d\u00e9ficits, si los hay, pueden tenerse en cuenta seg\u00fan las tablas adicionales a continuaci\u00f3n. El valor de la anquilosis no puede ser mayor que el rango de movimiento.   <\/p>\n\n<p><em><strong>Pie<\/strong><\/em><br\/><em><strong>Porcentaje de p\u00e9rdida de uso del pie<\/strong><\/em><br\/><em><strong>Instrucciones: En caso de que haya d\u00e9ficits, a\u00f1adir A + B; Otros valores del d\u00e9ficit<\/strong><\/em><br\/><em><strong>puede considerarse como se indica a continuaci\u00f3n.<\/strong><\/em><br\/><em><strong>Los d\u00e9ficits marcados en total no pueden superar el 50-55%.<\/strong><\/em><br\/><em><strong>Porcentajes de p\u00e9rdida de uso programados para valores de rango de movimiento por encima o por debajo<\/strong><\/em><br\/><em><strong>los que se muestran aqu\u00ed deben ajustarse proporcionalmente.<\/strong><\/em><\/p>\n<div class=\"wp-block-image\">\n<figure class=\"aligncenter\"><img alt=\"\" decoding=\"async\" width=\"681\" height=\"461\" data-src=\"\/wp-content\/uploads\/2022\/09\/Screenshot19.png\" alt=\"\" class=\"wp-image-16334 lazyload\" src=\"data:image\/svg+xml;base64,PHN2ZyB3aWR0aD0iMSIgaGVpZ2h0PSIxIiB4bWxucz0iaHR0cDovL3d3dy53My5vcmcvMjAwMC9zdmciPjwvc3ZnPg==\" style=\"--smush-placeholder-width: 681px; --smush-placeholder-aspect-ratio: 681\/461;\" \/><\/figure>\n<\/div>\n<p class=\"has-text-align-center\"><strong>Otros d\u00e9ficits<\/strong><\/p>\n<div class=\"wp-block-image\">\n<figure class=\"aligncenter\"><img alt=\"\" decoding=\"async\" width=\"695\" height=\"199\" data-src=\"\/wp-content\/uploads\/2022\/09\/Screenshot20.png\" alt=\"\" class=\"wp-image-16335 lazyload\" src=\"data:image\/svg+xml;base64,PHN2ZyB3aWR0aD0iMSIgaGVpZ2h0PSIxIiB4bWxucz0iaHR0cDovL3d3dy53My5vcmcvMjAwMC9zdmciPjwvc3ZnPg==\" style=\"--smush-placeholder-width: 695px; --smush-placeholder-aspect-ratio: 695\/199;\" \/><\/figure>\n<\/div>\n<p class=\"has-text-align-center\"><strong>P\u00e9rdida total<\/strong><\/p>\n<div class=\"wp-block-image\">\n<figure class=\"aligncenter\"><img alt=\"\" decoding=\"async\" width=\"749\" height=\"195\" data-src=\"\/wp-content\/uploads\/2022\/09\/Screenshot21.png\" alt=\"\" class=\"wp-image-16333 lazyload\" src=\"data:image\/svg+xml;base64,PHN2ZyB3aWR0aD0iMSIgaGVpZ2h0PSIxIiB4bWxucz0iaHR0cDovL3d3dy53My5vcmcvMjAwMC9zdmciPjwvc3ZnPg==\" style=\"--smush-placeholder-width: 749px; --smush-placeholder-aspect-ratio: 749\/195;\" \/><\/figure>\n<\/div>\n<p>Las lesiones laborales en los pies se dividen en dos grandes grupos. Las lesiones en los pies por laceraciones, aplastamientos, esguinces y punciones entran en el primer grupo (cortes). Las lesiones por resbalamiento, tropiezos y ca\u00eddas se incluyen en la segunda categor\u00eda de lesiones. Aunque las lesiones en los pies por resbalones y ca\u00eddas no suelen ser consecuencia, descuidar la seguridad de los pies juega un papel importante en su ocurrencia.<br\/>\u2018   <\/p>\n\n<p>Sin embargo, la amplitud de problemas en el pie en el trabajo no se limita a estas dos categor\u00edas de dolencias del pie. Otras dolencias que afectan frecuentemente a los trabajadores. Aunque t\u00e9cnicamente no se consideren lesiones laborales, pueden tener un impacto significativo en la salud y seguridad laboral.  <\/p>\n\n<h2 class=\"wp-block-heading\">Consideraciones especiales que utilizamos<\/h2>\n\n<p>Las consideraciones especiales con los valores enumerados de p\u00e9rdida de uso del calendario incluyen lo siguiente. Cuando se indica o no se da un valor de programa, pueden introducirse otros d\u00e9ficits. Con la excepci\u00f3n de las consideraciones especiales tres y cuatro, la p\u00e9rdida m\u00e1xima de valor de uso en horario no puede, sin embargo, ser mayor que el valor de la anquilosis.  <\/p>\n\n<ol class=\"wp-block-list\">\n<li>Las p\u00e9rdidas programadas deben estar respaldadas por la identificaci\u00f3n de d\u00e9ficits residuales duraderos; Ten en cuenta la p\u00e9rdida de tejidos, problemas de movilidad, discapacidades sensoriales y motoras, y disminuci\u00f3n de la funci\u00f3n.<\/li>\n\n\n\n<li>La fractura de Os calcis provoca una p\u00e9rdida media de la funci\u00f3n del pie entre el 33 y el 40%, dependiendo de las discapacidades de movilidad restantes. Se debe proporcionar un programa de pierna si la reducci\u00f3n de la altura del tal\u00f3n acorta la pierna. <\/li>\n\n\n\n<li>Si hay otros d\u00e9ficits en los dedos, la fusi\u00f3n del tobillo resulta en una p\u00e9rdida de funci\u00f3n del pie del 75%, superando la p\u00e9rdida del 60% de funci\u00f3n observada en la anquilosis.<\/li>\n\n\n\n<li>Una ca\u00edda total del pie resulta en una p\u00e9rdida del 66 2\/3% de la funci\u00f3n del pie, mientras que una ca\u00edda parcial del pie resulta en un rango de 20 a 20 a<\/li>\n\n\n\n<li>Quiz\u00e1 quieras dar una mayor recompensa a los d\u00e9ficits neurol\u00f3gicos residuales significativos.<\/li>\n\n\n\n<li>Una rotura del tend\u00f3n de Aquiles provoca una media del 20\u201325 % del pie.<\/li>\n\n\n\n<li>Las fracturas malleolares, ya sean bimalleolares o trimalleolares, provocan una p\u00e9rdida media del pie entre el 20 y el 30%.<\/li>\n<\/ol>\n\n<h2 class=\"wp-block-heading\">Amputaci\u00f3n<\/h2>\n\n<p>La amputaci\u00f3n en la articulaci\u00f3n del tobillo resulta en una p\u00e9rdida programada de funci\u00f3n en las piernas del 75%.<\/p>\n\n<p>La amputaci\u00f3n puede ser causada por un traumatismo grave en la extremidad, que puede ser aplastamiento o incluso explosi\u00f3n; Tambi\u00e9n podr\u00eda deberse a una infecci\u00f3n grave en la extremidad. Normalmente se hace como \u00faltimo recurso porque puede cambiar la vida <\/p>\n\n<p>Por favor, consulta la p\u00e1gina web de la Junta de Compensaci\u00f3n Laboral de tu estado o habla con tu abogado especializado en Compensaci\u00f3n Laboral para m\u00e1s informaci\u00f3n.<\/p>\n","protected":false},"excerpt":{"rendered":"<p>No busques m\u00e1s si te has lesionado en el trabajo y te preguntas por la \u00abP\u00e9rdida Programada de Uso\u00bb (SLU) en tu tobillo y pie. Podr\u00edas calificar para un pago de compensaci\u00f3n si cumples los criterios de la Junta de Compensaci\u00f3n Laboral. Si sufres una lesi\u00f3n en el trabajo, podr\u00edas ser elegible para un pago [&hellip;]<\/p>\n","protected":false},"featured_media":70189,"parent":0,"menu_order":0,"template":"","meta":{"_acf_changed":false,"_seopress_robots_primary_cat":"","_seopress_titles_title":"P\u00e9rdida programada de uso para tobillo y pie - Ortopedia completa","_seopress_titles_desc":"P\u00e9rdida programada de uso de la compensaci\u00f3n laboral para tobillo y pie. Visita Complete Orthopedics para conocer los objetivos de determinar la discapacidad en tobillo y pie. ","_seopress_robots_index":"yes","footnotes":""},"workers-compensation-categories":[170],"class_list":["post-70188","workers-compensation","type-workers-compensation","status-publish","has-post-thumbnail","hentry","workers-compensation-categories-perdida-de-uso-programada"],"acf":[],"_links":{"self":[{"href":"https:\/\/www.cortho.org\/es\/wp-json\/wp\/v2\/workers-compensation\/70188","targetHints":{"allow":["GET"]}}],"collection":[{"href":"https:\/\/www.cortho.org\/es\/wp-json\/wp\/v2\/workers-compensation"}],"about":[{"href":"https:\/\/www.cortho.org\/es\/wp-json\/wp\/v2\/types\/workers-compensation"}],"version-history":[{"count":1,"href":"https:\/\/www.cortho.org\/es\/wp-json\/wp\/v2\/workers-compensation\/70188\/revisions"}],"predecessor-version":[{"id":70191,"href":"https:\/\/www.cortho.org\/es\/wp-json\/wp\/v2\/workers-compensation\/70188\/revisions\/70191"}],"wp:featuredmedia":[{"embeddable":true,"href":"https:\/\/www.cortho.org\/es\/wp-json\/wp\/v2\/media\/70189"}],"wp:attachment":[{"href":"https:\/\/www.cortho.org\/es\/wp-json\/wp\/v2\/media?parent=70188"}],"wp:term":[{"taxonomy":"workers-compensation-categories","embeddable":true,"href":"https:\/\/www.cortho.org\/es\/wp-json\/wp\/v2\/workers-compensation-categories?post=70188"}],"curies":[{"name":"wp","href":"https:\/\/api.w.org\/{rel}","templated":true}]}}