{"id":70183,"date":"2025-10-29T11:05:59","date_gmt":"2025-10-29T11:05:59","guid":{"rendered":"https:\/\/cortho.org\/workers-compensation\/perdida-programada-de-uso-de-la-compensacion-laboral-para-dedos-grandes-y-pequenos\/"},"modified":"2026-01-03T16:39:15","modified_gmt":"2026-01-03T16:39:15","slug":"perdida-programada-de-uso-de-la-compensacion-laboral-para-dedos-grandes-y-pequenos","status":"publish","type":"workers-compensation","link":"https:\/\/www.cortho.org\/es\/compensacion-laboral\/perdida-de-uso-programada\/perdida-programada-de-uso-de-la-compensacion-laboral-para-dedos-grandes-y-pequenos\/","title":{"rendered":"P\u00e9rdida programada de uso de la compensaci\u00f3n laboral para dedos grandes y peque\u00f1os"},"content":{"rendered":"\n<p>Si te has lesionado en el trabajo y te preguntas qu\u00e9 significa \u00abP\u00e9rdida de Uso Programada\u00bb (SLU) para tus dedos de los pies, \u00a1has llegado a la web correcta! Puede que seas elegible para un pago de compensaci\u00f3n determinado seg\u00fan los est\u00e1ndares de la Junta de Compensaci\u00f3n Laboral. <\/p>\n\n<p>Nuestro informe concluir\u00e1 que, debido a su accidente laboral, ha perdido funci\u00f3n en la parte corporal lesionada que durar\u00e1 toda la vida. En nuestro informe se siguen las Directrices de Compensaci\u00f3n para Accidentes Laborales para la Evaluaci\u00f3n de Lesiones. Este art\u00edculo se basa en las normas de compensaci\u00f3n laboral del estado de Nueva York.  <\/p>\n\n<h2 class=\"wp-block-heading\">Objetivos para determinar el deterioro de los dedos<\/h2>\n\n<p>Los dedos, especialmente el gordo, ayudan con la postura y la estabilidad durante la caminata diaria. Adem\u00e1s, ofrecen ayuda al intentar alcanzar la mano elevada. Una lesi\u00f3n en m\u00e1s de un dedo puede considerarse como un impacto general en el pie.  <\/p>\n\n<p>El objetivo es determinar con precisi\u00f3n el d\u00e9ficit f\u00edsico que el paciente experiment\u00f3 como resultado de su accidente. La evaluaci\u00f3n debe, en la mayor medida posible, basarse en informaci\u00f3n factual obtenida de la historia cl\u00ednica y el examen f\u00edsico, as\u00ed como en cualquier resultado relevante de pruebas diagn\u00f3sticas. <\/p>\n\n<h2 class=\"wp-block-heading\">T\u00e9cnicas para determinar la discapacidad permanente<\/h2>\n\n<p>En el punto de mayor mejora m\u00e9dica, cuando no se prev\u00e9 una mayor curaci\u00f3n, evaluamos el grado de un d\u00e9ficit f\u00edsico residual permanente. En funci\u00f3n de los resultados del curso cl\u00ednico de tratamiento, la experiencia del profesional m\u00e9dico y cualquier alternativa adicional de tratamiento disponible para el paciente, debe evaluarse la m\u00e1xima mejora m\u00e9dica. <\/p>\n\n<p>Cuando corresponde, tenemos en cuenta la extremidad contralateral y los valores esperados\/normales al determinar el grado de d\u00e9ficit f\u00edsico residual permanente. El intervalo entre una lesi\u00f3n y el punto de mayor progreso m\u00e9dico puede variar, aunque en la mayor\u00eda de los casos es un a\u00f1o despu\u00e9s de la lesi\u00f3n o de la cirug\u00eda m\u00e1s reciente. <\/p>\n\n<p>El mecanismo del da\u00f1o tiene muy poco efecto sobre la gravedad del d\u00e9ficit f\u00edsico residual permanente. Adem\u00e1s de las lesiones f\u00edsicas en huesos, m\u00fasculos, cart\u00edlago, tendones, nervios, vasos sangu\u00edneos y otros tejidos, tambi\u00e9n puede reflejar el d\u00e9ficit f\u00edsico residual permanente en el punto de m\u00e1xima mejora m\u00e9dica. <\/p>\n\n<h2 class=\"wp-block-heading\">Clasificaci\u00f3n m\u00e1xima de la parte del cuerpo<\/h2>\n\n<p>El d\u00e9ficit f\u00edsico residual permanente de los dedos gordos y menores debe evaluarse seg\u00fan estas directrices. La p\u00e9rdida o deterioro de un solo dedo debe evaluarse \u00fanicamente en el dedo mayor o menor y no en todo el pie. <\/p>\n\n<p>La discapacidad global no puede superar el 100% del siguiente mayor miembro principal cuando se tienen en cuenta numerosas discapacidades en los dedos en una \u00fanica valoraci\u00f3n integral. Como resultado, la p\u00e9rdida de varios dedos que se convierte en una discapacidad del pie no puede superar un porcentaje de p\u00e9rdida programada de uso del pie. <\/p>\n\n<h2 class=\"wp-block-heading\">El dedo gordo del pie<\/h2>\n\n<p>El dedo gordo ayuda con la postura unilateral y ofrece estabilidad durante la caminata diaria. Cuando intentas alcanzar elevado, la extensi\u00f3n del dedo ofrece mucha ayuda. Tiene dos uniones principales:  <\/p>\n\n<ul class=\"wp-block-list\">\n<li>IP \u2013 Articulaci\u00f3n Interfal\u00e1ngica;<\/li>\n<\/ul>\n\n<p>Las articulaciones entre falanges consecutivas del pie se denominan articulaciones interfal\u00e1ngicas. Nueve articulaciones interfal\u00e1ngicas est\u00e1n presentes en cada pie, dos en cada uno de los cuatro dedos laterales y una en el dedo gordo. Frecuentemente se caracterizan como:  <\/p>\n\n<ul class=\"wp-block-list\">\n<li>Articulaciones interfal\u00e1ngicas proximales: situadas entre las bases de las falanges media y proximal.<\/li>\n\n\n\n<li>Articulaciones interfal\u00e1ngicas distales: aquellas que existen entre las bases de las falanges distales y las cabezas de las falanges medias.<\/li>\n<\/ul>\n\n<p>Solo existe una articulaci\u00f3n interfal\u00e1ngica entre las falanges proximal y distal del dedo gordo porque carece de falange media. La capacidad de las falanges media y distal para flexionarse y extenderse (flexi\u00f3n plantar y dorsiflexi\u00f3n, respectivamente) a lo largo de un eje es posible gracias a las articulaciones articuladas uniaxiales que conforman las articulaciones interfal\u00e1ngicas del pie. <\/p>\n\n<p>MTP \u2013 articulaci\u00f3n metatarsofalang\u00e9lgica<\/p>\n\n<p>Las articulaciones entre los huesos metatarsianos del pie y los huesos proximales (falanges proximales) de los dedos se denominan articulaciones metatarsofal\u00e1ngeas (articulaciones MTP), que tambi\u00e9n se conocen coloquialmente como nudillos de los dedos del pie. Flexi\u00f3n, extensi\u00f3n, abducci\u00f3n, aducci\u00f3n y circunducci\u00f3n son todos movimientos permitidos en las articulaciones metatarsofal\u00e1ngicas. <\/p>\n<div class=\"wp-block-image\">\n<figure class=\"aligncenter\"><img decoding=\"async\" width=\"1061\" height=\"749\" data-src=\"\/wp-content\/uploads\/2022\/09\/image1-3.png\" alt=\"Articulaci\u00f3n metatarsofalang\u00e9lica del dedo gordo del pie y articulaci\u00f3n interfal\u00e1ngica proximal para evaluar la p\u00e9rdida de movimiento y calcular la p\u00e9rdida de uso programada para pacientes de compensaci\u00f3n laboral\" class=\"wp-image-16299 lazyload\" data-srcset=\"https:\/\/www.cortho.org\/wp-content\/uploads\/2022\/09\/image1-3.png 1061w, https:\/\/www.cortho.org\/wp-content\/uploads\/2022\/09\/image1-3-768x542.png 768w\" data-sizes=\"(max-width: 1061px) 100vw, 1061px\" src=\"data:image\/svg+xml;base64,PHN2ZyB3aWR0aD0iMSIgaGVpZ2h0PSIxIiB4bWxucz0iaHR0cDovL3d3dy53My5vcmcvMjAwMC9zdmciPjwvc3ZnPg==\" style=\"--smush-placeholder-width: 1061px; --smush-placeholder-aspect-ratio: 1061\/749;\" \/><\/figure>\n<\/div>\n<p class=\"has-text-align-center\"><strong>Dedo Gordo del pie<\/strong><\/p>\n\n<p><strong>C\u00e1lculo de la p\u00e9rdida de uso del dedo gordo del pie<\/strong><\/p>\n\n<p><em><strong>Porcentaje de p\u00e9rdida de uso del dedo gordo del pie<\/strong><\/em><br\/><em><strong>Instrucciones: En la medida en que haya d\u00e9ficits, selecciona uno de la tabla siguiente.<\/strong><\/em><br\/><em><strong>El valor m\u00e1ximo no puede superar la anquilosis.<\/strong><\/em><br\/><em><strong>Porcentajes de p\u00e9rdida de uso programados para rangos de movimiento, valores por encima o por debajo<\/strong><\/em><br\/><em><strong>Los que se muestran aqu\u00ed deben ajustarse proporcionalmente<\/strong><\/em><\/p>\n<div class=\"wp-block-image\">\n<figure class=\"aligncenter\"><img alt=\"\" decoding=\"async\" width=\"689\" height=\"423\" data-src=\"\/wp-content\/uploads\/2022\/09\/Screenshot16.png\" alt=\"\" class=\"wp-image-16303 lazyload\" src=\"data:image\/svg+xml;base64,PHN2ZyB3aWR0aD0iMSIgaGVpZ2h0PSIxIiB4bWxucz0iaHR0cDovL3d3dy53My5vcmcvMjAwMC9zdmciPjwvc3ZnPg==\" style=\"--smush-placeholder-width: 689px; --smush-placeholder-aspect-ratio: 689\/423;\" \/><\/figure>\n<\/div>\n<h3 class=\"wp-block-heading has-text-align-center\">Dedos m\u00e1s peque\u00f1os (segundo, tercero, cuarto y quinto)<\/h3>\n<div class=\"wp-block-image\">\n<figure class=\"aligncenter\"><img decoding=\"async\" width=\"1379\" height=\"974\" data-src=\"\/wp-content\/uploads\/2022\/09\/image2-3.png\" alt=\"articulaci\u00f3n metatarsofan\u00e1ngea y articulaci\u00f3n interfal\u00e1ngica proximal y articulaci\u00f3n interfal\u00e1ngica distal para evaluar la p\u00e9rdida de movimiento y calcular la p\u00e9rdida de uso programada para pacientes de compensaci\u00f3n laboral\" class=\"wp-image-16300 lazyload\" data-srcset=\"https:\/\/www.cortho.org\/wp-content\/uploads\/2022\/09\/image2-3.png 1379w, https:\/\/www.cortho.org\/wp-content\/uploads\/2022\/09\/image2-3-768x542.png 768w\" data-sizes=\"(max-width: 1379px) 100vw, 1379px\" src=\"data:image\/svg+xml;base64,PHN2ZyB3aWR0aD0iMSIgaGVpZ2h0PSIxIiB4bWxucz0iaHR0cDovL3d3dy53My5vcmcvMjAwMC9zdmciPjwvc3ZnPg==\" style=\"--smush-placeholder-width: 1379px; --smush-placeholder-aspect-ratio: 1379\/974;\" \/><\/figure>\n<\/div>\n<p class=\"has-text-align-center\"><strong>Dedos m\u00e1s peque\u00f1os<\/strong><\/p>\n\n<p><strong>C\u00e1lculo de la p\u00e9rdida de uso de dedos peque\u00f1os<\/strong><\/p>\n\n<p><em><strong>Dedos m\u00e1s peque\u00f1os<\/strong><\/em><br\/><em><strong>Porcentaje de p\u00e9rdida de uso de dedos peque\u00f1os<\/strong><\/em><br\/><em><strong>Instrucciones: En la medida en que haya d\u00e9ficits, a\u00f1adir A + B + C.<\/strong><\/em><br\/><em><strong>El valor m\u00e1ximo no puede superar la anquilosis<\/strong><\/em><br\/><em><strong>Los porcentajes de p\u00e9rdida de uso del horario para valores de rango de movimiento por encima o por debajo de los representados aqu\u00ed deben ajustarse proporcionalmente<\/strong><\/em><\/p>\n<div class=\"wp-block-image\">\n<figure class=\"aligncenter\"><img alt=\"\" decoding=\"async\" width=\"741\" height=\"225\" data-src=\"\/wp-content\/uploads\/2022\/09\/Screenshot14.png\" alt=\"\" class=\"wp-image-16302 lazyload\" src=\"data:image\/svg+xml;base64,PHN2ZyB3aWR0aD0iMSIgaGVpZ2h0PSIxIiB4bWxucz0iaHR0cDovL3d3dy53My5vcmcvMjAwMC9zdmciPjwvc3ZnPg==\" style=\"--smush-placeholder-width: 741px; --smush-placeholder-aspect-ratio: 741\/225;\" \/><\/figure>\n<\/div>\n<p><strong>Porcentaje de p\u00e9rdida de uso del dedo<\/strong><br\/><strong>Amputaciones, anquilosis o p\u00e9rdida de movimiento activo<\/strong><\/p>\n<div class=\"wp-block-image\">\n<figure class=\"aligncenter\"><img alt=\"\" decoding=\"async\" width=\"741\" height=\"225\" data-src=\"\/wp-content\/uploads\/2022\/09\/Screenshot14.png\" alt=\"\" class=\"wp-image-16302 lazyload\" src=\"data:image\/svg+xml;base64,PHN2ZyB3aWR0aD0iMSIgaGVpZ2h0PSIxIiB4bWxucz0iaHR0cDovL3d3dy53My5vcmcvMjAwMC9zdmciPjwvc3ZnPg==\" style=\"--smush-placeholder-width: 741px; --smush-placeholder-aspect-ratio: 741\/225;\" \/><\/figure>\n<\/div>\n<h2 class=\"wp-block-heading\"><\/h2>\n\n<h2 class=\"wp-block-heading\">Amputaciones y carga<\/h2>\n\n<ol class=\"wp-block-list\">\n<li>La amputaci\u00f3n del dedo gordo del pie en la falange distal\/articulaci\u00f3n interfal\u00e1ngica distal resulta en una p\u00e9rdida de funci\u00f3n del 50%.<\/li>\n\n\n\n<li>El dedo gordo pierde el 50% de su funci\u00f3n si se amputa una parte significativa de la falange distal.<\/li>\n\n\n\n<li>La amputaci\u00f3n del dedo gordo del pie en la articulaci\u00f3n metatarsofal\u00e1ngica o la falange proximal resulta en una p\u00e9rdida total de funci\u00f3n.<\/li>\n\n\n\n<li>Los programas de pie est\u00e1n cargados al 50% y adaptados para amputaciones de dos o m\u00e1s dedos.<\/li>\n\n\n\n<li>Cada dedo da\u00f1ado soporta el 100% de la tensi\u00f3n cuando hay p\u00e9rdida \u00f3sea a trav\u00e9s de los metatarsianos.<\/li>\n\n\n\n<li>La carga es del 25% cuando tres o m\u00e1s dedos tienen deficiencia sin p\u00e9rdida \u00f3sea.<\/li>\n\n\n\n<li>Cinco amputaciones metatarsianas se cargan al 100% y se convierten en un programa de pie.<\/li>\n<\/ol>\n\n<p>Por favor, consulta la p\u00e1gina web de la Junta de Compensaci\u00f3n Laboral de tu estado o habla con tu abogado especializado en Compensaci\u00f3n Laboral para m\u00e1s informaci\u00f3n.<\/p>\n","protected":false},"excerpt":{"rendered":"<p>Si te has lesionado en el trabajo y te preguntas qu\u00e9 significa \u00abP\u00e9rdida de Uso Programada\u00bb (SLU) para tus dedos de los pies, \u00a1has llegado a la web correcta! Puede que seas elegible para un pago de compensaci\u00f3n determinado seg\u00fan los est\u00e1ndares de la Junta de Compensaci\u00f3n Laboral. Nuestro informe concluir\u00e1 que, debido a su [&hellip;]<\/p>\n","protected":false},"featured_media":70184,"parent":0,"menu_order":0,"template":"","meta":{"_acf_changed":false,"_seopress_robots_primary_cat":"","_seopress_titles_title":"P\u00e9rdida programada de uso para dedos grandes y menores - Ortopedia completa","_seopress_titles_desc":"P\u00e9rdida programada de uso de la compensaci\u00f3n laboral tanto para dedos grandes como menores. Visita Complete Orthopedics para conocer los objetivos al determinar el deterioro de los dedos. ","_seopress_robots_index":"yes","footnotes":""},"workers-compensation-categories":[170],"class_list":["post-70183","workers-compensation","type-workers-compensation","status-publish","has-post-thumbnail","hentry","workers-compensation-categories-perdida-de-uso-programada"],"acf":[],"_links":{"self":[{"href":"https:\/\/www.cortho.org\/es\/wp-json\/wp\/v2\/workers-compensation\/70183","targetHints":{"allow":["GET"]}}],"collection":[{"href":"https:\/\/www.cortho.org\/es\/wp-json\/wp\/v2\/workers-compensation"}],"about":[{"href":"https:\/\/www.cortho.org\/es\/wp-json\/wp\/v2\/types\/workers-compensation"}],"version-history":[{"count":1,"href":"https:\/\/www.cortho.org\/es\/wp-json\/wp\/v2\/workers-compensation\/70183\/revisions"}],"predecessor-version":[{"id":70186,"href":"https:\/\/www.cortho.org\/es\/wp-json\/wp\/v2\/workers-compensation\/70183\/revisions\/70186"}],"wp:featuredmedia":[{"embeddable":true,"href":"https:\/\/www.cortho.org\/es\/wp-json\/wp\/v2\/media\/70184"}],"wp:attachment":[{"href":"https:\/\/www.cortho.org\/es\/wp-json\/wp\/v2\/media?parent=70183"}],"wp:term":[{"taxonomy":"workers-compensation-categories","embeddable":true,"href":"https:\/\/www.cortho.org\/es\/wp-json\/wp\/v2\/workers-compensation-categories?post=70183"}],"curies":[{"name":"wp","href":"https:\/\/api.w.org\/{rel}","templated":true}]}}