{"id":69698,"date":"2025-10-15T05:09:11","date_gmt":"2025-10-15T05:09:11","guid":{"rendered":"https:\/\/cortho.org\/case-studies\/estudio-de-caso-reemplazo-total-de-rodilla-izquierda-en-un-hombre-de-62-anos\/"},"modified":"2026-01-03T03:42:59","modified_gmt":"2026-01-03T03:42:59","slug":"estudio-de-caso-reemplazo-total-de-rodilla-izquierda-en-un-hombre-de-62-anos","status":"publish","type":"case-studies","link":"https:\/\/www.cortho.org\/es\/estudios-de-caso\/rodilla\/estudio-de-caso-reemplazo-total-de-rodilla-izquierda-en-un-hombre-de-62-anos\/","title":{"rendered":"Estudio de caso: Reemplazo total de rodilla izquierda en un hombre de 62 a\u00f1os"},"content":{"rendered":"\n<p>Un hombre de 62 a\u00f1os se present\u00f3 para una evaluaci\u00f3n de su rodilla izquierda. En los \u00faltimos siete meses, ha tenido un dolor y molestias crecientes en las rodillas. Afirm\u00f3 que en abril se levant\u00f3 de una posici\u00f3n sentada y sinti\u00f3 una \u00abgrieta\u00bb en la rodilla.  <\/p>\n\n<p>Anteriormente hab\u00eda visto a otro m\u00e9dico que le diagnostic\u00f3 un <a href=\"\/faq\/knee\/meniscal-tear-of-the-knee\/\" target=\"_blank\" rel=\"noreferrer noopener\">menisco desgarrado<\/a>. Se someti\u00f3 a una artroscopia quir\u00fargica y, tras el procedimiento, su dolor aument\u00f3 en intensidad. En agosto vio a otro m\u00e9dico y le trataron con una inyecci\u00f3n de gel. Segu\u00eda teniendo dolor persistente y molestias difusa en la articulaci\u00f3n de la rodilla izquierda.   <\/p>\n\n<p>Dijo que tambi\u00e9n le da hinchaz\u00f3n en la parte posterior de la rodilla. El dolor era agudo por el peso y las actividades. Sinti\u00f3 una sensaci\u00f3n de pandeo, chasquidos y un rango de movimiento limitado. Describi\u00f3 dolor con los traslados, su tolerancia al caminar era inferior a un bloque. Usaba un bast\u00f3n como dispositivo de ayuda.    <\/p>\n\n<p>Subi\u00f3 escaleras una a una usando la barandilla. Estaba tomando Percocet adem\u00e1s de Mobic. Tambi\u00e9n se hab\u00eda sometido a una <a href=\"https:\/\/www.cortho.org\/es\/rodilla\/reemplazo-total-de-rodilla\/\" target=\"_blank\" rel=\"noreferrer noopener\">pr\u00f3tesis total de rodilla<\/a> derecha hace unos a\u00f1os. Desarroll\u00f3 una infecci\u00f3n tres a\u00f1os despu\u00e9s del procedimiento y se someti\u00f3 a una revisi\u00f3n en dos fases, con una reimplantaci\u00f3n final por un m\u00e9dico externo.   <\/p>\n\n<p>Actualmente, la rodilla derecha presentaba s\u00edntomas m\u00ednimos, pero desarroll\u00f3 una trombosis venosa profunda postoperatoria (trombosis venosa profunda) y embolia pulmonar que requiri\u00f3 la colocaci\u00f3n de un filtro de vena cava inferior hace tres a\u00f1os. \u00c9l hab\u00eda estado con terapia Coumadin, que recientemente hab\u00eda dejado de hacer con su cirujano vascular. Ten\u00eda antecedentes de dolor lumbar y estaba yendo a tratamiento del dolor.  <\/p>\n\n<p>Era un conductor de autob\u00fas escolar jubilado y actualmente vive con su esposa. El paciente se mostr\u00f3 consternado por el dolor en la rodilla izquierda y la movilidad limitada secundaria al dolor. No pod\u00eda hacer ni tareas b\u00e1sicas sin dolor y le daba miedo subir escaleras. Estaba explorando la posibilidad de una pr\u00f3tesis total de rodilla.   <\/p>\n\n<p>Fue fumador y dej\u00f3 de fumar hace 30 a\u00f1os. Anteriormente tambi\u00e9n se someti\u00f3 a un ensayo de manejo conservador en forma de fisioterapia e inyecciones de gel con un alivio m\u00ednimo. Ten\u00eda una alergia conocida a los medicamentos al biaxin.  <\/p>\n\n<p>En su visita a la oficina, estuvo tranquilo, consciente, cooperativo y muy orientado al tiempo, lugar y persona. Caminaba con un andar ant\u00e1lgico y una fase de postura reducida en el lado izquierdo. La piel que cubr\u00eda la piel izquierda mostraba una cicatriz bien cicatrizada, que suger\u00eda cirug\u00eda artrosc\u00f3pica previa.  <\/p>\n\n<p>Hab\u00eda una leve hinchaz\u00f3n en la rodilla izquierda. Dolor y crepitaci\u00f3n estaban presentes a lo largo de todo el arco de movimiento. El rango de movimientos oscilaba entre 10 grados y 90 grados. Hab\u00eda sensibilidad en las l\u00edneas articulares medial y lateral. Tambi\u00e9n se notaba sensibilidad en las facetas rotulianas.    <\/p>\n\n<p>Hab\u00eda una leve deformidad del genu varum. No se observaron signos de inestabilidad ni laxitud en los planos coronal, sagital y axial. El examen de la rodilla derecha revel\u00f3 una cicatriz anterior bien cicatrizada. El rango de movimiento era completo, sin dolor ni rigidez.   <\/p>\n\n<p>El examen de la cadera y el tobillo bilaterales fue normal. El examen neurol\u00f3gico de las extremidades inferiores fue normal. El volumen y el tono de ambas extremidades inferiores eran normales. Los pulsos bilaterales en las extremidades inferiores fueron palpables y comparables.   <\/p>\n\n<p>Las im\u00e1genes revelaron osteoartritis tricompartmental severa de la rodilla izquierda con reducci\u00f3n del espacio articular y oste\u00f3fitos.<\/p>\n\n<p>Teniendo en cuenta el dolor de rodilla izquierda que limitaba el estilo de vida, se recomend\u00f3 al paciente un reemplazo total de la rodilla izquierda. Se discutieron extensamente con el paciente los riesgos, beneficios y alternativas. Acept\u00f3 someterse a una <a href=\"https:\/\/www.cortho.org\/es\/rodilla\/reemplazo-total-de-rodilla\/\" target=\"_blank\" rel=\"noreferrer noopener\">artroplastia total de la rodilla<\/a> izquierda.  <\/p>\n\n<figure class=\"wp-block-image\"><img decoding=\"async\" width=\"1765\" height=\"1861\" data-src=\"\/wp-content\/uploads\/2020\/01\/LeftTotalKneeReplacement1.jpg\" alt=\"Vista anteroposterior y lateral de la rodilla izquierda\" class=\"wp-image-7614 lazyload\" title=\"Vista anteroposterior y lateral de la rodilla izquierda\" data-srcset=\"https:\/\/www.cortho.org\/wp-content\/uploads\/2020\/01\/LeftTotalKneeReplacement1.jpg 1765w, https:\/\/www.cortho.org\/wp-content\/uploads\/2020\/01\/LeftTotalKneeReplacement1-768x810.jpg 768w, https:\/\/www.cortho.org\/wp-content\/uploads\/2020\/01\/LeftTotalKneeReplacement1-1457x1536.jpg 1457w\" data-sizes=\"(max-width: 1765px) 100vw, 1765px\" src=\"data:image\/svg+xml;base64,PHN2ZyB3aWR0aD0iMSIgaGVpZ2h0PSIxIiB4bWxucz0iaHR0cDovL3d3dy53My5vcmcvMjAwMC9zdmciPjwvc3ZnPg==\" style=\"--smush-placeholder-width: 1765px; --smush-placeholder-aspect-ratio: 1765\/1861;\" \/><\/figure>\n\n<figure class=\"wp-block-image\"><img decoding=\"async\" width=\"1666\" height=\"1999\" data-src=\"\/wp-content\/uploads\/2020\/01\/LeftTotalKneeReplacement2.jpg\" alt=\"Vista anteroposterior y lateral de la rodilla izquierda - img 2\" class=\"wp-image-7615 lazyload\" title=\"Vista anteroposterior y lateral de la rodilla izquierda - img 2\" data-srcset=\"https:\/\/www.cortho.org\/wp-content\/uploads\/2020\/01\/LeftTotalKneeReplacement2.jpg 1666w, https:\/\/www.cortho.org\/wp-content\/uploads\/2020\/01\/LeftTotalKneeReplacement2-768x922.jpg 768w, https:\/\/www.cortho.org\/wp-content\/uploads\/2020\/01\/LeftTotalKneeReplacement2-1280x1536.jpg 1280w\" data-sizes=\"(max-width: 1666px) 100vw, 1666px\" src=\"data:image\/svg+xml;base64,PHN2ZyB3aWR0aD0iMSIgaGVpZ2h0PSIxIiB4bWxucz0iaHR0cDovL3d3dy53My5vcmcvMjAwMC9zdmciPjwvc3ZnPg==\" style=\"--smush-placeholder-width: 1666px; --smush-placeholder-aspect-ratio: 1666\/1999;\" \/><\/figure>\n\n<p class=\"has-text-align-center\"><strong>Vista anteroposterior y lateral de la rodilla izquierda<\/strong><\/p>\n\n<p><strong>OPERACI\u00d3N:<\/strong> <a href=\"https:\/\/www.cortho.org\/es\/rodilla\/reemplazo-total-de-rodilla\/\" target=\"_blank\" rel=\"noreferrer noopener\">Reemplazo total de rodilla<\/a> izquierda.<\/p>\n\n<p><strong>IMPLANTES UTILIZADOS:<\/strong> Estabilizado posteriormente, 8 componentes femorales est\u00e1ndar izquierdos lado izquierdo con tibia E izquierda cementada con tallo de 14 x 30 con poliuretano de 16 mm y polirotela de 29 mm de di\u00e1metro.<\/p>\n\n<p><strong>DESCRIPCI\u00d3N DEL PROCEDIMIENTO:<\/strong> El paciente fue llevado al quir\u00f3fano tras obtener el consentimiento informado, firmando el lugar quir\u00fargico correcto. Los riesgos, beneficios y alternativas se discutieron extensamente con el paciente antes del procedimiento. <\/p>\n\n<p>El paciente, as\u00ed como la familia, entend\u00edan que ten\u00eda un mayor riesgo de complicaciones, incluyendo, pero no limit\u00e1ndose a, infecci\u00f3n, trombosis venosa profunda y embolia pulmonar.<\/p>\n\n<p>El anestesi\u00f3logo obtuvo anestesia. El paciente fue entonces definitivamente colocado, y la rodilla izquierda fue colocada y preparada de la manera habitual y est\u00e9ril. Para la artrotom\u00eda se utiliz\u00f3 una incisi\u00f3n recta centrada sobre la r\u00f3tula.  <\/p>\n\n<p>Luego se incisionaron la piel y los tejidos subcut\u00e1neos. A continuaci\u00f3n, se realiz\u00f3 una artrotom\u00eda parapatuliana medial. La rodilla qued\u00f3 expusa y la gu\u00eda de corte femoral se coloc\u00f3 en su posici\u00f3n. A continuaci\u00f3n, se realiz\u00f3 el corte distal. A continuaci\u00f3n, se realizaban los cortes anterior, posterior y luego los biselados.    <\/p>\n\n<p>Entonces la atenci\u00f3n se centr\u00f3 en la tibia. A continuaci\u00f3n, se realiz\u00f3 el corte tibial. Se usaron separadores de l\u00e1mina tanto en la medial como en la lateral, y el resto del menisco fue desbridado. A continuaci\u00f3n, se realiz\u00f3 el corte de la muesca y se coloc\u00f3 el f\u00e9mur en su posici\u00f3n, seguido de la tibia.   <\/p>\n\n<p>Luego se rompi\u00f3 la tibia y se coloc\u00f3 el poliureto de prueba en su posici\u00f3n. El equilibrio de huecos se realiz\u00f3 antes del broching final y se comprob\u00f3 correcto. Luego se resec\u00f3 la r\u00f3tula. Se hicieron los agujeros de perforaci\u00f3n en la r\u00f3tula y luego se coloc\u00f3 la r\u00f3tula de prueba en su posici\u00f3n.   <\/p>\n\n<p>Luego se redujo la rodilla. A continuaci\u00f3n, la rodilla se ajust\u00f3 en un rango completo de movimiento y se comprob\u00f3 que el seguimiento rotuliano era normal, y se comprob\u00f3 de nuevo el equilibrio de espacios y se comprob\u00f3 que era satisfactorio. <\/p>\n\n<p>Luego se retiraron los componentes de la prueba. Se administr\u00f3 un lavado exhaustivo. El f\u00e9mur estaba cementado en su posici\u00f3n. Luego se retir\u00f3 el exceso de cemento. La tibia se fij\u00f3 entonces en su posici\u00f3n. Luego se retir\u00f3 el exceso de cemento. Luego se coloc\u00f3 poliuretano sobre la tibia. Luego se redujo la rodilla.       <\/p>\n\n<p>La rodilla se manten\u00eda en extensi\u00f3n total y despu\u00e9s se cementaba la r\u00f3tula y se sujetaba con una pinza rotuliana. El exceso de cemento se retiraba despu\u00e9s de que el cemento se endurec\u00eda. Se inyect\u00f3 la rodilla con inyecci\u00f3n intraarticular y se administr\u00f3 un lavado exhaustivo.  <\/p>\n\n<p>La artrostom\u00eda parapatela medial se cerr\u00f3 con Ethibond, los tejidos cut\u00e1neos se cerraron con 0 Vicryl, los subcut\u00e1neos se cerraron con 2-0 Vicryl y la piel se cerr\u00f3 con grapas. A continuaci\u00f3n, se aplic\u00f3 un ap\u00f3sito est\u00e9ril y el paciente fue trasladado a la unidad de cuidados postoperatorios en estado estable. <\/p>\n\n<figure class=\"wp-block-image\"><img decoding=\"async\" width=\"1300\" height=\"1972\" data-src=\"\/wp-content\/uploads\/2020\/01\/LeftTotalKneeReplacement3.jpg\" alt=\"Radiograf\u00eda postoperatoria de la izquierda mostrando la vista anteroposterior y lateral con pr\u00f3tesis total de rodilla en posici\u00f3n\" class=\"wp-image-7616 lazyload\" title=\"Radiograf\u00eda postoperatoria de la izquierda mostrando la vista anteroposterior y lateral con pr\u00f3tesis total de rodilla en posici\u00f3n\" data-srcset=\"https:\/\/www.cortho.org\/wp-content\/uploads\/2020\/01\/LeftTotalKneeReplacement3.jpg 1300w, https:\/\/www.cortho.org\/wp-content\/uploads\/2020\/01\/LeftTotalKneeReplacement3-768x1165.jpg 768w, https:\/\/www.cortho.org\/wp-content\/uploads\/2020\/01\/LeftTotalKneeReplacement3-1013x1536.jpg 1013w\" data-sizes=\"(max-width: 1300px) 100vw, 1300px\" src=\"data:image\/svg+xml;base64,PHN2ZyB3aWR0aD0iMSIgaGVpZ2h0PSIxIiB4bWxucz0iaHR0cDovL3d3dy53My5vcmcvMjAwMC9zdmciPjwvc3ZnPg==\" style=\"--smush-placeholder-width: 1300px; --smush-placeholder-aspect-ratio: 1300\/1972;\" \/><\/figure>\n\n<figure class=\"wp-block-image\"><img decoding=\"async\" width=\"1364\" height=\"1931\" data-src=\"\/wp-content\/uploads\/2020\/01\/LeftTotalKneeReplacement4.jpg\" alt=\"Radiograf\u00eda postoperatoria de la izquierda mostrando la vista anteroposterior y lateral con pr\u00f3tesis total de rodilla en posici\u00f3n - img 2\" class=\"wp-image-7617 lazyload\" title=\"Radiograf\u00eda postoperatoria de la izquierda mostrando la vista anteroposterior y lateral con pr\u00f3tesis total de rodilla en posici\u00f3n - img 2\" data-srcset=\"https:\/\/www.cortho.org\/wp-content\/uploads\/2020\/01\/LeftTotalKneeReplacement4.jpg 1364w, https:\/\/www.cortho.org\/wp-content\/uploads\/2020\/01\/LeftTotalKneeReplacement4-768x1087.jpg 768w, https:\/\/www.cortho.org\/wp-content\/uploads\/2020\/01\/LeftTotalKneeReplacement4-1085x1536.jpg 1085w\" data-sizes=\"(max-width: 1364px) 100vw, 1364px\" src=\"data:image\/svg+xml;base64,PHN2ZyB3aWR0aD0iMSIgaGVpZ2h0PSIxIiB4bWxucz0iaHR0cDovL3d3dy53My5vcmcvMjAwMC9zdmciPjwvc3ZnPg==\" style=\"--smush-placeholder-width: 1364px; --smush-placeholder-aspect-ratio: 1364\/1931;\" \/><\/figure>\n\n<p class=\"has-text-align-center\"><strong>Radiograf\u00eda postoperatoria de la izquierda mostrando la vista anteroposterior y lateral con pr\u00f3tesis total de rodilla en posici\u00f3n<\/strong><\/p>\n\n<p>El paciente tuvo una <a href=\"https:\/\/www.cortho.org\/es\/rodilla\/recuperacion\/\" target=\"_blank\" rel=\"noreferrer noopener\">excelente recuperaci\u00f3n postoperatoria<\/a>, su dolor fue bien controlado con medicaci\u00f3n. Le empezaron a administrar Aspirina 325 mg de difusi\u00f3n intravenosa para la profilaxis de trombosis venosa profunda. Pudo caminar 30 metros el mismo d\u00eda del procedimiento. Fue dado de alta al d\u00eda siguiente.   <\/p>\n\n<p>Se retiraron las suturas al d\u00eda 14 de la operaci\u00f3n sin complicaciones. No hubo hinchaz\u00f3n en las pantorrillas ni d\u00e9ficit neurol\u00f3gico en las extremidades inferiores. El paciente se someti\u00f3 a fisioterapia para fortalecer los m\u00fasculos y aumentar el rango de movimiento de la articulaci\u00f3n.  <\/p>\n\n<p>Tres meses <a href=\"https:\/\/www.cortho.org\/es\/rodilla\/recuperacion\/\" target=\"_blank\" rel=\"noreferrer noopener\">despu\u00e9s de la operaci\u00f3n<\/a>, el paciente pudo caminar sin dolor y con un rango de movimiento completo. Estaba extremadamente contento con el resultado del procedimiento y volvi\u00f3 a sus actividades normales. <\/p>\n\n<p><em>Aviso legal \u2013 El nombre, edad, sexo, fechas y eventos del paciente han sido modificados o modificados para proteger su privacidad.<\/em><\/p>\n","protected":false},"excerpt":{"rendered":"<p>Un hombre de 62 a\u00f1os se present\u00f3 para una evaluaci\u00f3n de su rodilla izquierda. En los \u00faltimos siete meses, ha tenido un dolor y molestias crecientes en las rodillas. Afirm\u00f3 que en abril se levant\u00f3 de una posici\u00f3n sentada y sinti\u00f3 una \u00abgrieta\u00bb en la rodilla. Anteriormente hab\u00eda visto a otro m\u00e9dico que le diagnostic\u00f3 [&hellip;]<\/p>\n","protected":false},"featured_media":69699,"parent":0,"menu_order":0,"template":"","meta":{"_acf_changed":false,"_seopress_robots_primary_cat":"","_seopress_titles_title":"Estudio de caso: Reemplazo total de rodilla izquierda en un hombre de 62 a\u00f1os ","_seopress_titles_desc":"Este estudio de caso es otro caso sobre la pr\u00f3tesis total de rodilla izquierda de Complete Orthopedics, con varias ubicaciones en Nueva York.","_seopress_robots_index":""},"case-study-categories":[174],"case-study-tags":[],"class_list":["post-69698","case-studies","type-case-studies","status-publish","has-post-thumbnail","hentry","case-study-categories-rodilla"],"acf":[],"_links":{"self":[{"href":"https:\/\/www.cortho.org\/es\/wp-json\/wp\/v2\/case-studies\/69698","targetHints":{"allow":["GET"]}}],"collection":[{"href":"https:\/\/www.cortho.org\/es\/wp-json\/wp\/v2\/case-studies"}],"about":[{"href":"https:\/\/www.cortho.org\/es\/wp-json\/wp\/v2\/types\/case-studies"}],"wp:featuredmedia":[{"embeddable":true,"href":"https:\/\/www.cortho.org\/es\/wp-json\/wp\/v2\/media\/69699"}],"wp:attachment":[{"href":"https:\/\/www.cortho.org\/es\/wp-json\/wp\/v2\/media?parent=69698"}],"wp:term":[{"taxonomy":"case-study-categories","embeddable":true,"href":"https:\/\/www.cortho.org\/es\/wp-json\/wp\/v2\/case-study-categories?post=69698"},{"taxonomy":"case-study-tags","embeddable":true,"href":"https:\/\/www.cortho.org\/es\/wp-json\/wp\/v2\/case-study-tags?post=69698"}],"curies":[{"name":"wp","href":"https:\/\/api.w.org\/{rel}","templated":true}]}}