{"id":69622,"date":"2025-10-20T09:57:22","date_gmt":"2025-10-20T09:57:22","guid":{"rendered":"https:\/\/cortho.org\/case-studies\/estudio-de-caso-manejo-de-la-lesion-ramp-del-menisco-medial-con-deficiencia-del-ligamento-cruzado-anterior-en-la-rodilla-izquierda-en-una-mujer-de-30-anos\/"},"modified":"2026-01-03T03:38:42","modified_gmt":"2026-01-03T03:38:42","slug":"estudio-de-caso-manejo-de-la-lesion-ramp-del-menisco-medial-con-deficiencia-del-ligamento-cruzado-anterior-en-la-rodilla-izquierda-en-una-mujer-de-30-anos","status":"publish","type":"case-studies","link":"https:\/\/www.cortho.org\/es\/estudios-de-caso\/medicina-deportiva\/estudio-de-caso-manejo-de-la-lesion-ramp-del-menisco-medial-con-deficiencia-del-ligamento-cruzado-anterior-en-la-rodilla-izquierda-en-una-mujer-de-30-anos\/","title":{"rendered":"Estudio de caso: Manejo de la lesi\u00f3n ramp del menisco medial con deficiencia del ligamento cruzado anterior en la rodilla izquierda en una mujer de 30 a\u00f1os"},"content":{"rendered":"\n<p>El paciente est\u00e1 en nuestra consulta, con quejas de dolor en la rodilla izquierda desde hace un a\u00f1o. La paciente es una mujer de 30 a\u00f1os que<a href=\"\/faq\/knee\/knee-pain\/\"> se lesion\u00f3 la rodilla mientras jugaba al f\u00fatbol<\/a> hace un a\u00f1o. El dolor mejor\u00f3 con el tiempo, pero se volvi\u00f3 a lesionar hace 6 meses y desde entonces ha tenido dolor.  <\/p>\n\n<p>El dolor es intermitente y s\u00ed interrumpe el sue\u00f1o. El dolor est\u00e1 asociado a los hematomas. El dolor no est\u00e1 asociado a hinchaz\u00f3n, hormigueo, entumecimiento, dolor irradiado, debilidad, anomal\u00edas intestinales o vesiga, problemas de marcha, cesi\u00f3n o cojera. El problema ha ido empeorando desde que empez\u00f3.   <\/p>\n\n<p>La fisioterapia mejora los s\u00edntomas. El paciente no se ha sometido a ninguna cirug\u00eda en el pasado. El paciente est\u00e1 tomando Advil actualmente. El paciente es fumador.   <\/p>\n\n<p>Al examinar la rodilla izquierda, el paciente es sensible a la palpaci\u00f3n a lo largo de la l\u00ednea articular medial y sufre un derrame. El paciente siente molestias con las maniobras de McMurray y la rodilla est\u00e1 estable. No tienen flexi\u00f3n completa secundaria al derrame, pero s\u00ed tienen extensi\u00f3n total. Las extremidades inferiores bilaterales tienen una fuerza de 5\/5 y est\u00e1n neurovascularmente intactas distalmente. No hay eritema, calor ni lesiones cut\u00e1neas presentes.    <\/p>\n\n<p>Al examinar la extremidad contralateral, el paciente no es sensible a la palpaci\u00f3n y tiene un excelente rango de movimiento, estabilidad y fuerza.<\/p>\n\n<p>La resonancia magn\u00e9tica de la rodilla izquierda sugiri\u00f3 una<a href=\"\/faq\/knee\/meniscal-tear-of-the-knee\/\"> compleja rotura del cuerno posterior del menisco medial<\/a>. Peque\u00f1a ruptura horizontal del cuerpo del menisco lateral. Derrame articular moderado con sinovitis. <\/p>\n\n<div class=\"wp-block-columns is-layout-flex wp-container-core-columns-is-layout-9d6595d7 wp-block-columns-is-layout-flex\">\n<div class=\"wp-block-column is-layout-flow wp-block-column-is-layout-flow\"><div class=\"wp-block-image\">\n<figure class=\"aligncenter size-large\"><img decoding=\"async\" data-src=\"https:\/\/www.cortho.org\/wp-content\/smush-webp\/2020\/06\/ManagementofRampLesion.jpg.webp\" alt=\"\" src=\"data:image\/svg+xml;base64,PHN2ZyB3aWR0aD0iMSIgaGVpZ2h0PSIxIiB4bWxucz0iaHR0cDovL3d3dy53My5vcmcvMjAwMC9zdmciPjwvc3ZnPg==\" class=\"lazyload\" style=\"--smush-placeholder-width: 310px; --smush-placeholder-aspect-ratio: 310\/299;\" \/><\/figure>\n<\/div><\/div>\n\n\n\n<div class=\"wp-block-column is-layout-flow wp-block-column-is-layout-flow\">\n<figure class=\"wp-block-image size-large\"><img decoding=\"async\" data-src=\"https:\/\/www.cortho.org\/wp-content\/smush-webp\/2020\/06\/ManagementofRampLesion2.jpg.webp\" alt=\"\" src=\"data:image\/svg+xml;base64,PHN2ZyB3aWR0aD0iMSIgaGVpZ2h0PSIxIiB4bWxucz0iaHR0cDovL3d3dy53My5vcmcvMjAwMC9zdmciPjwvc3ZnPg==\" class=\"lazyload\" style=\"--smush-placeholder-width: 304px; --smush-placeholder-aspect-ratio: 304\/300;\" \/><\/figure>\n<\/div>\n<\/div>\n\n<p class=\"has-text-align-center\"><strong>Resonancia magn\u00e9tica de la rodilla en la secci\u00f3n sagital y coronal.<\/strong><\/p>\n\n<p>Hablamos sobre las opciones de tratamiento para el diagn\u00f3stico del paciente, que inclu\u00edan: vivir con la extremidad tal cual, ejercicios organizados, medicamentos, inyecciones y opciones quir\u00fargicas. Tambi\u00e9n discutimos la naturaleza y el prop\u00f3sito de las opciones de tratamiento, as\u00ed como los riesgos y beneficios esperados. El paciente ha expresado su deseo de proceder con la cirug\u00eda.<\/p>\n\n<p>El paciente tambi\u00e9n entiende que suele seguir al procedimiento quir\u00fargico un largo proceso de rehabilitaci\u00f3n. El paciente expres\u00f3 comprensi\u00f3n de estos riesgos y ha decidido proceder con la cirug\u00eda. Se dio al paciente un consejo para dejar de fumar. <\/p>\n\n<p>Tambi\u00e9n hablamos sobre la posibilidad de desgarro y <a href=\"https:\/\/www.cortho.org\/es\/knee\/ligamento-cruzado-anterior\/\">reparaci\u00f3n del LCA frente a la reconstrucci\u00f3n del LCA<\/a>. Por ahora, el paciente opt\u00f3 por<a href=\"\/faq\/knee\/post-operative-knee-arthroscopy\/\"> la rehabilitaci\u00f3n del LCA<\/a> . El paciente comprend\u00eda los riesgos y beneficios y firmaba su consentimiento informado.  <\/p>\n\n<p><strong>DIAGN\u00d3STICOS PREOPERATORIOS: <\/strong> Desgarro complejo del menisco medial de la rodilla izquierda y desgarro del LCA de la rodilla izquierda.<\/p>\n\n<h2 class=\"wp-block-heading\">DIAGN\u00d3STICOS POSTOPERATORIOS:<\/h2>\n\n<ol class=\"wp-block-list\">\n<li>Lesi\u00f3n rampante de la parte posterior del cuerpo del menisco medial de la rodilla izquierda.<\/li>\n\n\n\n<li>Desgarro horizontal y desgarro central del cuerno posterior del menisco lateral.<\/li>\n\n\n\n<li>Deficiencia del ligamento cruzado anterior en el lado izquierdo de la rodilla.<\/li>\n<\/ol>\n\n<h2 class=\"wp-block-heading\">OPERACIONES:<\/h2>\n\n<ol class=\"wp-block-list\">\n<li>Reparaci\u00f3n meniscal del menisco medial de la rodilla izquierda.<\/li>\n\n\n\n<li>Meniscectom\u00eda parcial y reparaci\u00f3n meniscal del desgarro horizontal del menisco lateral de la rodilla izquierda.<\/li>\n\n\n\n<li>Microfractura de la tr\u00f3clea.<\/li>\n<\/ol>\n\n<p><strong>DESCRIPCI\u00d3N DEL PROCEDIMIENTO:<\/strong> Se construy\u00f3 un portal de entrada lateral. Se introdujo el \u00e1mbito. Se encontr\u00f3 que la articulaci\u00f3n patelofemoral estaba en buen estado, sin da\u00f1o en el cart\u00edlago. El endoscopio se llev\u00f3 a la canaleta medial, donde hab\u00eda un colgajo sinovial. El compartimento medial mostr\u00f3 una lesi\u00f3n en rampa en la parte posterior del menisco medial. La ra\u00edz estaba intacta. No hubo p\u00e9rdida de cart\u00edlago.      <\/p>\n<div class=\"wp-block-image\">\n<figure class=\"aligncenter\"><img decoding=\"async\" width=\"628\" height=\"333\" data-src=\"\/wp-content\/uploads\/2020\/06\/ManagementofRampLesion3.jpg\" alt=\"Im\u00e1genes artrosc\u00f3picas intraoperatorias de rodilla\" class=\"wp-image-9671 lazyload\" title=\"Im\u00e1genes artrosc\u00f3picas intraoperatorias de rodilla\" src=\"data:image\/svg+xml;base64,PHN2ZyB3aWR0aD0iMSIgaGVpZ2h0PSIxIiB4bWxucz0iaHR0cDovL3d3dy53My5vcmcvMjAwMC9zdmciPjwvc3ZnPg==\" style=\"--smush-placeholder-width: 628px; --smush-placeholder-aspect-ratio: 628\/333;\" \/><\/figure>\n<\/div>\n<p class=\"has-text-align-center\"><strong>Im\u00e1genes artrosc\u00f3picas intraoperatorias de rodilla.<\/strong><\/p>\n\n<p>Se realiz\u00f3 el portal de entrada medial. Se insert\u00f3 la sonda y se volvi\u00f3 a comprobar la rotura del menisco. Afectaba la parte posterior del menisco medial junto con la c\u00e1psula. Se decidi\u00f3 reparar la lesi\u00f3n de rampa utilizando una sutura completamente interna.   <\/p>\n\n<p>Se utilizaron dos FasT-Fixes curvas y dos curvas inversas para completar la reparaci\u00f3n tras la abrasi\u00f3n del menisco, junto con una abrasi\u00f3n en c\u00e1psula realizada con la afeitadora. La reparaci\u00f3n se encontr\u00f3 en buena posici\u00f3n. <\/p>\n<div class=\"wp-block-image\">\n<figure class=\"aligncenter\"><img decoding=\"async\" width=\"628\" height=\"154\" data-src=\"\/wp-content\/uploads\/2020\/06\/ManagementofRampLesion4.jpg\" alt=\"Im\u00e1genes artrosc\u00f3picas intraoperatorias de rodilla 2\" class=\"wp-image-9670 lazyload\" title=\"Im\u00e1genes artrosc\u00f3picas intraoperatorias de rodilla 2\" src=\"data:image\/svg+xml;base64,PHN2ZyB3aWR0aD0iMSIgaGVpZ2h0PSIxIiB4bWxucz0iaHR0cDovL3d3dy53My5vcmcvMjAwMC9zdmciPjwvc3ZnPg==\" style=\"--smush-placeholder-width: 628px; --smush-placeholder-aspect-ratio: 628\/154;\" \/><\/figure>\n<\/div>\n<p class=\"has-text-align-center\"><strong>Im\u00e1genes artrosc\u00f3picas intraoperatorias de rodilla.<\/strong><\/p>\n\n<p>Ahora el endoscopio se traslad\u00f3 a la zona interna del troclear donde el LCA era deficiente. El desbridamiento estaba hecho. El endoscopio se traslad\u00f3 al compartimento lateral, donde encontramos deshilachamiento en el borde medial, as\u00ed como un peque\u00f1o desgarro en el mango de un cubo en el borde medial del menisco lateral. El borde medial estaba desbridado.   <\/p>\n\n<p>Un examen m\u00e1s detallado mostr\u00f3 una rotura horizontal que sub\u00eda hasta la periferia del menisco lateral de la parte posterior del cuerpo. Se tom\u00f3 la decisi\u00f3n de reparar esta rotura. Se utilizaron tres FasT-Fixes para la reparaci\u00f3n de la lesi\u00f3n horizontal del menisco lateral. Antes de eso, se realiz\u00f3 una incisi\u00f3n posterolateral anterior al peron\u00e9.   <\/p>\n<div class=\"wp-block-image\">\n<figure class=\"aligncenter\"><img decoding=\"async\" width=\"628\" height=\"318\" data-src=\"\/wp-content\/uploads\/2020\/06\/ManagementofRampLesion5.jpg\" alt=\"Im\u00e1genes artrosc\u00f3picas intraoperatorias de rodilla 3\" class=\"wp-image-9669 lazyload\" title=\"Im\u00e1genes artrosc\u00f3picas intraoperatorias de rodilla 3\" src=\"data:image\/svg+xml;base64,PHN2ZyB3aWR0aD0iMSIgaGVpZ2h0PSIxIiB4bWxucz0iaHR0cDovL3d3dy53My5vcmcvMjAwMC9zdmciPjwvc3ZnPg==\" style=\"--smush-placeholder-width: 628px; --smush-placeholder-aspect-ratio: 628\/318;\" \/><\/figure>\n<\/div>\n<p class=\"has-text-align-center\"><strong>Im\u00e1genes artrosc\u00f3picas intraoperatorias de rodilla.<\/strong><\/p>\n\n<p>Con una disecci\u00f3n aguda y roma que form\u00f3 un plano detr\u00e1s del LCL y entre la c\u00e1psula de rodilla en la cabeza lateral del gastrocnemio, se form\u00f3 un plano. Se insert\u00f3 el esp\u00e9culo de Sims para proteger los haces neurovasculares posteriores. Una vez terminado, se volvi\u00f3 a introducir el telescopio y la reparaci\u00f3n del menisco izquierdo utilizando FasT-Fixes se realiz\u00f3 de manera satisfactoria. Todas las im\u00e1genes artrosc\u00f3picas se conservaron. La microfractura de la muesca troclear se realiz\u00f3 mediante fijaci\u00f3n por fibrado.    <\/p>\n<div class=\"wp-block-image\">\n<figure class=\"aligncenter\"><img decoding=\"async\" width=\"628\" height=\"335\" data-src=\"\/wp-content\/uploads\/2020\/06\/ManagementofRampLesion6.jpg\" alt=\"Im\u00e1genes artrosc\u00f3picas intraoperatorias de rodilla 4\" class=\"wp-image-9668 lazyload\" title=\"Im\u00e1genes artrosc\u00f3picas intraoperatorias de rodilla 4\" src=\"data:image\/svg+xml;base64,PHN2ZyB3aWR0aD0iMSIgaGVpZ2h0PSIxIiB4bWxucz0iaHR0cDovL3d3dy53My5vcmcvMjAwMC9zdmciPjwvc3ZnPg==\" style=\"--smush-placeholder-width: 628px; --smush-placeholder-aspect-ratio: 628\/335;\" \/><\/figure>\n<\/div>\n<p class=\"has-text-align-center\"><strong>Im\u00e1genes artrosc\u00f3picas intraoperatorias de rodilla.<\/strong><\/p>\n\n<p>Se liber\u00f3 el torniquete y se pudo ver hueso sangrante desde el lugar de la microfractura. Se guardaron fotos. La incisi\u00f3n posterolateral de la herida fue lavada y cerrada. Se logr\u00f3 la hemostasia.   <\/p>\n\n<p>El cierre se hizo por capas. La incisi\u00f3n posterolateral se cerr\u00f3 con Monocryl. Los portales artrosc\u00f3picos se cerraron con nailon. Se inyectaron 20 cc de Marcaine al 05% en la rodilla. Se aplic\u00f3 el ap\u00f3sito de ap\u00f3. La rodilla fue colocada en un movilizador de rodilla. El paciente fue extubado y trasladado a la unidad de cuidados postoperatorios en buen estado.      <\/p>\n\n<p><em>Aviso legal \u2013 El nombre, edad, sexo, fechas y eventos del paciente han sido modificados o modificados para proteger su privacidad.<\/em><\/p>\n","protected":false},"excerpt":{"rendered":"<p>El paciente est\u00e1 en nuestra consulta, con quejas de dolor en la rodilla izquierda desde hace un a\u00f1o. La paciente es una mujer de 30 a\u00f1os que se lesion\u00f3 la rodilla mientras jugaba al f\u00fatbol hace un a\u00f1o. El dolor mejor\u00f3 con el tiempo, pero se volvi\u00f3 a lesionar hace 6 meses y desde entonces [&hellip;]<\/p>\n","protected":false},"featured_media":69623,"parent":0,"menu_order":0,"template":"","meta":{"_acf_changed":false,"_seopress_robots_primary_cat":"","_seopress_titles_title":"Estudio de caso: Manejo del menisco de la rodilla izquierda en una mujer de 30 a\u00f1os ","_seopress_titles_desc":"Otro estudio de caso sobre el manejo de la lesi\u00f3n ramposa de la deficiencia del ligamento cruzado anterior del menisco medial en la rodilla izquierda de Complete Orthopedics con m\u00faltiples ubicaciones en Nueva York.","_seopress_robots_index":""},"case-study-categories":[177],"case-study-tags":[],"class_list":["post-69622","case-studies","type-case-studies","status-publish","has-post-thumbnail","hentry","case-study-categories-medicina-deportiva"],"acf":[],"_links":{"self":[{"href":"https:\/\/www.cortho.org\/es\/wp-json\/wp\/v2\/case-studies\/69622","targetHints":{"allow":["GET"]}}],"collection":[{"href":"https:\/\/www.cortho.org\/es\/wp-json\/wp\/v2\/case-studies"}],"about":[{"href":"https:\/\/www.cortho.org\/es\/wp-json\/wp\/v2\/types\/case-studies"}],"wp:featuredmedia":[{"embeddable":true,"href":"https:\/\/www.cortho.org\/es\/wp-json\/wp\/v2\/media\/69623"}],"wp:attachment":[{"href":"https:\/\/www.cortho.org\/es\/wp-json\/wp\/v2\/media?parent=69622"}],"wp:term":[{"taxonomy":"case-study-categories","embeddable":true,"href":"https:\/\/www.cortho.org\/es\/wp-json\/wp\/v2\/case-study-categories?post=69622"},{"taxonomy":"case-study-tags","embeddable":true,"href":"https:\/\/www.cortho.org\/es\/wp-json\/wp\/v2\/case-study-tags?post=69622"}],"curies":[{"name":"wp","href":"https:\/\/api.w.org\/{rel}","templated":true}]}}